{"id":65,"date":"2024-09-22T23:13:26","date_gmt":"2024-09-23T02:13:26","guid":{"rendered":"https:\/\/departamentos.ufrrj.br\/dca\/?page_id=65"},"modified":"2025-05-16T15:19:56","modified_gmt":"2025-05-16T18:19:56","slug":"acoes-de-extensao","status":"publish","type":"page","link":"https:\/\/departamentos.ufrrj.br\/dca\/acoes-de-extensao\/","title":{"rendered":"A\u00e7\u00f5es de Extens\u00e3o"},"content":{"rendered":"\n<p>As a\u00e7\u00f5es de extens\u00e3o da UFRRJ est\u00e3o definidas na Delibera\u00e7\u00e3o CEPE N\u00ba 371, de 04 de agosto de 2022, com a devida obrigatoriedade da curriculariza\u00e7\u00e3o da extens\u00e3o. Esta normativa interna \u00e9 resultado das exig\u00eancias da Resolu\u00e7\u00e3o N\u00ba 7, de 18 de dezembro de 2018 que estabelece as Diretrizes para a Extens\u00e3o na Educa\u00e7\u00e3o Superior Brasileira e regimenta o disposto na Meta 12.7 da Lei 12.7 da Lei n\u00ba 13.005\/2014, que aprova o Plano Nacional da Educa\u00e7\u00e3o \u2013 PNE 2014-2024 e d\u00e1 outras provid\u00eancias.<\/p>\n\n\n\n<p>\u00c9 relevante estabelecer que as a\u00e7\u00f5es de extens\u00e3o s\u00e3o importantes para a difus\u00e3o do conhecimento gerado na Universidade, como mecanismo de aproxima\u00e7\u00e3o da realidade, o enriquecimento da pr\u00e1tica docente e o vivenciamento dessas experi\u00eancias pelos estudantes.<\/p>\n\n\n\n<p>Por meio da aproxima\u00e7\u00e3o com as empresas, organiza\u00e7\u00f5es do terceiro setor, funda\u00e7\u00f5es p\u00fablicas e privadas, \u00f3rg\u00e3os governamentais, dentre outros, a oferta de a\u00e7\u00f5es e projetos de extens\u00e3o (pelos estudantes como protagonistas do processo e com a supervis\u00e3o do corpo docente) estima-se provocar mudan\u00e7as paradigm\u00e1ticas entre esses agentes e seus protagonistas. Mudan\u00e7as que estimulem o aprimoramento da pr\u00e1tica profissional, a reflex\u00e3o do papel da institui\u00e7\u00e3o de ensino, a reflex\u00e3o cr\u00edtica do papel da elite intelectual (suas potencialidade e limita\u00e7\u00f5es) de modo a contribuir para a constru\u00e7\u00e3o de uma sociedade inclusiva, consciente, democr\u00e1tica, solid\u00e1ria, emp\u00e1tica e transformadora do ponto de vista social, pol\u00edtico, ambiental e econ\u00f4mico.<\/p>\n\n\n\n<p>No que se refere \u00e0s atividades de extens\u00e3o, podem ser realizados projetos de assessoria e consultoria, voltados ao atendimento de demandas espec\u00edficas de empresas, \u00f3rg\u00e3os p\u00fablicos e outros atores sociais, bem como podem ser oferecidos cursos de capacita\u00e7\u00e3o, educa\u00e7\u00e3o continuada, treinamento e de especializa\u00e7\u00e3o. Essas atividades t\u00eam permitido \u00e0 sociedade ter acesso a conhecimento gerado na universidade, al\u00e9m de proporcionar oportunidades e aplicar suas compet\u00eancias a problemas concretos, desenvolver novo conhecimento, mas sempre focando a transforma\u00e7\u00e3o e a sensibiliza\u00e7\u00e3o contra as desigualdades econ\u00f4micas e sociais.<\/p>\n\n\n\n<p>A diversidade das atividades de extens\u00e3o beneficia os estudantes a ampliar a forma\u00e7\u00e3o com atividades extraclasse, viv\u00eancias e demais atividades que permitam atualizar e enriquecer o exerc\u00edcio da doc\u00eancia e seus reflexos nas pr\u00e1ticas de ensino, em um movimento de m\u00e3o dupla que aproxima alunos e professores em atua\u00e7\u00f5es que consolidem o papel da Universidade como mola propulsora de transforma\u00e7\u00e3o social com equidade, equil\u00edbrio, oportunidades e est\u00edmulo de mobilidade social.<\/p>\n\n\n\n<p class=\"has-text-align-center\"><strong>2025<\/strong><\/p>\n\n\n\n<p>Impactus: Empreendedorismo e Impacto Social, Unidos em Prol da Comunidade.<\/p>\n\n\n\n<p>O Evento Impactus, organizado pela Enactus UFRRJ, tem como prop\u00f3sito promover a troca de conhecimentos, a conex\u00e3o entre iniciativas e a inspira\u00e7\u00e3o m\u00fatua entre projetos de empreendedorismo social na Baixada Fluminense. Com o tema central \u201cEmpreendedorismo e Impacto Social: Unidos em Prol da Comunidade\u201d, o evento busca fortalecer a\u00e7\u00f5es orientadas para o desenvolvimento sustent\u00e1vel, a inclus\u00e3o social e o protagonismo local. Em um ambiente acolhedor e colaborativo, o Impactus proporcionar\u00e1 aos participantes a oportunidade de explorar abordagens inovadoras e compartilhar experi\u00eancias transformadoras. A Enactus UFRRJ tem como objetivo promover o empreendedorismo social, \u00e9 a respons\u00e1vel pela concep\u00e7\u00e3o, planejamento e execu\u00e7\u00e3o do evento. Sua miss\u00e3o \u00e9 capacitar os participantes a desenvolverem projetos que gerem impacto positivo na sociedade, promovendo solu\u00e7\u00f5es inovadoras e sustent\u00e1veis para desafios sociais e ambientais. A programa\u00e7\u00e3o ser\u00e1 realizada em um \u00fanico dia, contemplando palestras com especialistas, um minicurso pr\u00e1tico e uma amostra de projetos d de impacto social. <\/p>\n\n\n\n<p>Os conte\u00fados abordar\u00e3o tem\u00e1ticas relevantes, como inova\u00e7\u00e3o, diversidade e os Objetivos de Desenvolvimento Sustent\u00e1vel (ODS) da Organiza\u00e7\u00e3o das Na\u00e7\u00f5es Unidas (ONU),oferecendo uma vis\u00e3o integrada sobre a import\u00e2ncia do empreendedorismo social na promo\u00e7\u00e3o de mudan\u00e7as positivas na comunidade. O evento \u00e9 destinado a estudantes, professores, empreendedores sociais, representantes de projetos de extens\u00e3o e membros da comunidade externa que buscam aprofundar seus conhecimentos e se engajar em iniciativas de impacto social, promovendo o fortalecimento de redes e o desenvolvimento de solu\u00e7\u00f5es sustent\u00e1veis.<\/p>\n\n\n\n<p>Objetivos Gerais:<\/p>\n\n\n\n<p><br>Promover um espa\u00e7o de troca, aprendizado e visibilidade para iniciativas de empreendedorismo social e projetos comunit\u00e1rios da Baixada Fluminense, incentivando conex\u00f5es entre pessoas, ideias e a\u00e7\u00f5es com potencial transformador, com foco no desenvolvimento sustent\u00e1vel, na inclus\u00e3o social e no protagonismo local.<\/p>\n\n\n\n<p><br>Objetivos Espec\u00edficos:<\/p>\n\n\n\n<p><br>A. Fomentar a troca de experi\u00eancias e conhecimentos:<br>Proporcionar um ambiente onde participantes possam compartilhar pr\u00e1ticas, ideias e li\u00e7\u00f5es aprendidas em projetos de empreendedorismo social e comunit\u00e1rio.<br><\/p>\n\n\n\n<p>B. Divulgar iniciativas de impacto social:<br>Oferecer visibilidade a projetos locais da Baixada Fluminense, destacando suas contribui\u00e7\u00f5es para o desenvolvimento sustent\u00e1vel e a inclus\u00e3o social.<\/p>\n\n\n\n<p><br>C. Capacitar os participantes:<br>Promover atividades de forma\u00e7\u00e3o, como palestras e minicursos, abordando temas relevantes como inova\u00e7\u00e3o social, diversidade e os Objetivos de Desenvolvimento Sustent\u00e1vel (ODS) da ONU.<br><br>D. Estimular a cria\u00e7\u00e3o de redes de apoio e colabora\u00e7\u00e3o:<br>Facilitar conex\u00f5es entre estudantes, empreendedores sociais, professores, representantes de projetos de extens\u00e3o e membros da comunidade externa, promovendo o fortalecimento de parcerias.<br><br>E. Inspirar o protagonismo local:<br>Incentivar o desenvolvimento de novas ideias e projetos que contribuam para a transforma\u00e7\u00e3o social na regi\u00e3o, refor\u00e7ando o papel dos participantes como agentes de mudan\u00e7a em suas comunidades.<br><br>Avaliar o impacto das iniciativas apresentadas: Coletar feedback dos participantes e promover uma reflex\u00e3o conjunta sobre os desafios e conquistas das iniciativas de impacto social na regi\u00e3o.<\/p>\n\n\n\n<p><br>Resultados Esperados:<br>Fortalecimento de redes de colabora\u00e7\u00e3o: Amplia\u00e7\u00e3o da intera\u00e7\u00e3o entre estudante, empreendedores sociais, projetos de extens\u00e3o e membros da comunidade, promovendo parcerias estrat\u00e9gicas e o compartilhamento de experi\u00eancias.<\/p>\n\n\n\n<p><br>Valoriza\u00e7\u00e3o e visibilidade de iniciativas sociais e empreendedoras: <\/p>\n\n\n\n<p>Reconhecimento e divulga\u00e7\u00e3o de projetos da Baixada Fluminense, destacando suas contribui\u00e7\u00f5es para o desenvolvimento sustent\u00e1vel e a inclus\u00e3o social.<\/p>\n\n\n\n<p><br>Promo\u00e7\u00e3o do protagonismo local: <\/p>\n\n\n\n<p>Est\u00edmulo \u00e0 cria\u00e7\u00e3o, desenvolvimento e aprimoramento de novos projetos com impacto positivo, refor\u00e7ando o papel dos participantes como agentes de transforma\u00e7\u00e3o social.<\/p>\n\n\n\n<p><br>Aproxima\u00e7\u00e3o entre universidade e comunidade externa: <\/p>\n\n\n\n<p>Fortalecimento do di\u00e1logo e da coopera\u00e7\u00e3o entre a UFRRJ e a sociedade, promovendo o desenvolvimento de solu\u00e7\u00f5es conjuntas para desafios sociais e ambientais.<\/p>\n\n\n\n<p>Engajamento de novos participantes em a\u00e7\u00f5es sociais: Motiva\u00e7\u00e3o de estudantes, professores e membros da comunidade a se envolverem em projetos de impacto social, ampliando o alcance das iniciativas existentes.<\/p>\n\n\n\n<p><br>Capacita\u00e7\u00e3o dos participantes: Aprimoramento de conhecimentos e habilidades em temas como inova\u00e7\u00e3o, empreendedorismo social, diversidade e Objetivos de Desenvolvimento Sustent\u00e1vel (ODS), por meio de palestras e minicurso.<\/p>\n\n\n\n<p><br>Gera\u00e7\u00e3o de insights e reflex\u00f5es: Est\u00edmulo \u00e0 troca de ideias e experi\u00eancias entre os participantes, promovendo uma compreens\u00e3o mais aprofundada dos desafios e oportunidades no campo do empreendedorismo social.<\/p>\n\n\n\n<p><br>Documenta\u00e7\u00e3o e dissemina\u00e7\u00e3o de conhecimentos: Registro das principais atividades, conte\u00fados e resultados do evento, garantindo que o conhecimento gerado seja compartilhado coma comunidade acad\u00eamica e externa.<\/p>\n\n\n\n<p><br>Reconhecimento da Enactus UFRRJ como promotora de impacto social: Fortalecimento da imagem da organiza\u00e7\u00e3o como uma refer\u00eancia em empreendedorismo social e desenvolvimento sustent\u00e1vel na regi\u00e3o.<\/p>\n\n\n\n<p><\/p>\n\n\n\n<p>Temporada II &#8211; &#8220;Ruralinos Cast&#8221;: Podcast do curso de administra\u00e7\u00e3o<br>da UFRRJ. Di\u00e1logos sobre ensino, pesquisa e extens\u00e3o em<br>administra\u00e7\u00e3o.<\/p>\n\n\n\n<pre class=\"wp-block-preformatted\">Veja mais sobre essa A\u00e7\u00e3o aqui.<\/pre>\n\n\n\n<p><br>Semana Rural 2025 A\u00e7\u00f5es Diversas &#8211; EMPREENDER UFRuralRJ <\/p>\n\n\n\n<pre class=\"wp-block-preformatted\">Veja mais sobre essa A\u00e7\u00e3o aqui.<\/pre>\n\n\n\n<p><br>Falas Negras: Lideran\u00e7as Ancestrais e o Futuro do Trabalho.<\/p>\n\n\n\n<pre class=\"wp-block-preformatted\">Veja mais sobre essa A\u00e7\u00e3o aqui.<\/pre>\n\n\n\n<p><br>INOVARural: II semin\u00e1rio de acompanhamento do programa MAI-DAI<br>e workshop de inova\u00e7\u00e3o da UFRRJ<\/p>\n\n\n\n<pre class=\"wp-block-preformatted\">Veja mais sobre essa A\u00e7\u00e3o aqui.<\/pre>\n\n\n\n<p><br>Semana Acad\u00eamica de Economia &#8211; SEMEC 360: Desafios e<br>Perspectivas das Ci\u00eancias Econ\u00f4micas na Atualidade<br>Aplica\u00e7\u00e3o de Mapas Mentais e Conceituais na Constru\u00e7\u00e3o do<br>Conhecimento e Organiza\u00e7\u00e3o do Pensamento Humano<\/p>\n\n\n\n<pre class=\"wp-block-preformatted\">Veja mais sobre essa A\u00e7\u00e3o aqui.<br><br><\/pre>\n\n\n\n<hr class=\"wp-block-separator has-alpha-channel-opacity\"\/>\n\n\n\n<p><\/p>\n\n\n\n<p class=\"has-text-align-center\"><strong>2024<\/strong><\/p>\n\n\n\n<p>I SEMANA GLOBAL DO EMPREENDEDORISMO UFRRJ <\/p>\n\n\n\n<p><\/p>\n\n\n\n<pre class=\"wp-block-preformatted\">Veja mais sobre essa A\u00e7\u00e3o aqui.<br><br><\/pre>\n\n\n\n<p>IV Workshop do DCFar e II da Farm\u00e1cia Escola <\/p>\n\n\n\n<p><\/p>\n\n\n\n<pre class=\"wp-block-preformatted\">Veja mais sobre essa A\u00e7\u00e3o aqui.<br><br><\/pre>\n\n\n\n<p>&#8220;Ruralinos Cast&#8221;: Podcast do curso de administra\u00e7\u00e3o da UFRRJ.<br>Di\u00e1logos sobre ensino, pesquisa e extens\u00e3o em administra\u00e7\u00e3o. <\/p>\n\n\n\n<p><\/p>\n\n\n\n<pre class=\"wp-block-preformatted\">Veja mais sobre essa A\u00e7\u00e3o aqui.<br><br><\/pre>\n\n\n\n<p>POSTER SNCT 2024 &#8211; CONECTANDO EMPRESAS EM SEROP\u00c9DICA:<br>ESTRAT\u00c9GIAS INTEGRADAS DE COMUNICA\u00c7\u00c3O E MARKETING<\/p>\n\n\n\n<p><\/p>\n\n\n\n<pre class=\"wp-block-preformatted\">Veja mais sobre essa A\u00e7\u00e3o aqui.<br><br><\/pre>\n\n\n\n<p>P\u00d4STER: TRANSFORMA RURAL &#8211; AN\u00c1LISE DO PERFIL DAS EMPRESAS<br>DE SEROP\u00c9DICA-RJ<\/p>\n\n\n\n<p><\/p>\n\n\n\n<pre class=\"wp-block-preformatted\">Veja mais sobre essa A\u00e7\u00e3o aqui.<br><br><\/pre>\n\n\n\n<p>2024 SEMANA ACAD\u00caMICA DE ADMINISTRA\u00c7\u00c3O 2024.2 <\/p>\n\n\n\n<p><\/p>\n\n\n\n<pre class=\"wp-block-preformatted\">Veja mais sobre essa A\u00e7\u00e3o aqui.<br><br><\/pre>\n\n\n\n<p>PALESTRA SNCT 2024: Comunica\u00e7\u00e3o Estrat\u00e9gica e<br>Empreendedorismo: O Caminho para o Sucesso das Pequenas<br>Empresas<\/p>\n\n\n\n<p><\/p>\n\n\n\n<pre class=\"wp-block-preformatted\">Veja mais sobre essa A\u00e7\u00e3o aqui.<br><br><\/pre>\n\n\n\n<p>PALESTRA SNCT 2024: Comunica\u00e7\u00e3o Estrat\u00e9gica e<br>Empreendedorismo: O Caminho para o Sucesso das Pequenas<br>Empresas<\/p>\n\n\n\n<p><\/p>\n\n\n\n<p><\/p>\n\n\n\n<pre class=\"wp-block-preformatted\">Veja mais sobre essa A\u00e7\u00e3o aqui.<br><br><\/pre>\n\n\n\n<p>POSTER SNCT 2024 &#8211; PROJETO POR ELAS: MULHERES DIARISTAS E A<br>CI\u00caNCIA SOCIAL: IMPACTOS E TRANSFORMA\u00c7\u00d5ES NO AMBIENTE<br>DE TRABALHO<\/p>\n\n\n\n<p><\/p>\n\n\n\n<p><\/p>\n\n\n\n<pre class=\"wp-block-preformatted\">Veja mais sobre essa A\u00e7\u00e3o aqui.<br><br><\/pre>\n\n\n\n<p>P\u00d4STER: TRANSFORMA RURAL &#8211; MAPEAMENTO DOS ATORES DA<br>TR\u00cdPLICE H\u00c9LICE DE SEROP\u00c9DICA-RJ<\/p>\n\n\n\n<p><\/p>\n\n\n\n<pre class=\"wp-block-preformatted\">Veja mais sobre essa A\u00e7\u00e3o aqui.<br><br><\/pre>\n\n\n\n<p>PALESTRA SNCT 2024: Patentes &#8211; Conceitos b\u00e1sicos e exame<br>priorit\u00e1rio<\/p>\n\n\n\n<p><\/p>\n\n\n\n<pre class=\"wp-block-preformatted\">Veja mais sobre essa A\u00e7\u00e3o aqui.<br><br><\/pre>\n\n\n\n<p>Comunica\u00e7\u00e3o e Difus\u00e3o da Cultura de Propriedade Intelectual e<br>Inova\u00e7\u00e3o &#8211; 2024<\/p>\n\n\n\n<p><\/p>\n\n\n\n<pre class=\"wp-block-preformatted\">Veja mais sobre essa A\u00e7\u00e3o aqui.<br><br><\/pre>\n\n\n\n<p>Comunica\u00e7\u00e3o e Difus\u00e3o da Cultura de Propriedade Intelectual e<br>Inova\u00e7\u00e3o <\/p>\n\n\n\n<p><\/p>\n\n\n\n<pre class=\"wp-block-preformatted\">Veja mais sobre essa A\u00e7\u00e3o aqui.<br><br><\/pre>\n\n\n\n<p>Workshop Empreendedorismo Acad\u00eamico: Movimento Empresa<br>J\u00fanior UFRRJ<\/p>\n\n\n\n<p><\/p>\n\n\n\n<pre class=\"wp-block-preformatted\">Veja mais sobre essa A\u00e7\u00e3o aqui.<br><br><\/pre>\n\n\n\n<p>EMPREENDE RURAL<\/p>\n\n\n\n<p><\/p>\n\n\n\n<p><\/p>\n\n\n\n<pre class=\"wp-block-preformatted\">Veja mais sobre essa A\u00e7\u00e3o aqui.<br><br><br><\/pre>\n\n\n\n<p>Semana Rural 2024 A\u00e7\u00f5es Diversas &#8211; Empreendedorismo e Inova\u00e7\u00e3o<br>na Semana Rural: Capacita\u00e7\u00e3o e Oportunidades para o<br>Desenvolvimento Regional<\/p>\n\n\n\n<p><\/p>\n\n\n\n<p><\/p>\n\n\n\n<pre class=\"wp-block-preformatted\">Veja mais sobre essa A\u00e7\u00e3o aqui.<br><br><br><\/pre>\n\n\n\n<p>Semana Rural 2024 &#8211; A\u00e7\u00f5es Diversas &#8211; Feira de Est\u00e1gios<\/p>\n\n\n\n<p><\/p>\n\n\n\n<pre class=\"wp-block-preformatted\">Veja mais sobre essa A\u00e7\u00e3o aqui.<br><br><\/pre>\n\n\n\n<p>APOIO \u00c0 SOCIEDADE ACERCA DA COMPROVA\u00c7\u00c3O DE RENDA &#8211; SISU<br>2024<\/p>\n\n\n\n<p><\/p>\n\n\n\n<pre class=\"wp-block-preformatted\">Veja mais sobre essa A\u00e7\u00e3o aqui.<br><br><\/pre>\n\n\n\n<p>TRANSFORMA RURAL: EMPREENDEDORISMO EM A\u00c7\u00c3O (BIEXT 2024)]<\/p>\n\n\n\n<p><\/p>\n\n\n\n<pre class=\"wp-block-preformatted\">Veja mais sobre essa A\u00e7\u00e3o aqui.<br><br><\/pre>\n\n\n\n<p>Conectando Empresas em Serop\u00e9dica: estrat\u00e9gias integradas de<br>Comunica\u00e7\u00e3o e marketing (BIEXT 2024)<\/p>\n\n\n\n<p><\/p>\n\n\n\n<pre class=\"wp-block-preformatted\">Veja mais sobre essa A\u00e7\u00e3o aqui.<br><br><\/pre>\n\n\n\n<p>1\u00aa Confer\u00eancia Livre de Ci\u00eancia, Tecnologia e Inova\u00e7\u00e3o para o<br>Desenvolvimento Social da Baixada Fluminense <\/p>\n\n\n\n<p><\/p>\n\n\n\n<pre class=\"wp-block-preformatted\">Veja mais sobre essa A\u00e7\u00e3o aqui.<br><br><\/pre>\n\n\n\n<p>2024 INOVARural: I semin\u00e1rio de acompanhamento do programa MAI-DAI<br>e workshop de inova\u00e7\u00e3o da UFRRJ<\/p>\n\n\n\n<p><\/p>\n\n\n\n<pre class=\"wp-block-preformatted\">Veja mais sobre essa A\u00e7\u00e3o aqui.<br><br><\/pre>\n\n\n\n<p>Minicurso De Marketing Digital Para Pequenas Empresas Da Baixada<br>Fluminense (02 edi\u00e7\u00f5es &#8211; na semana de extens\u00e3o rural, e na 5a<br>SNCT)<\/p>\n\n\n\n<p><\/p>\n\n\n\n<pre class=\"wp-block-preformatted\">Veja mais sobre essa A\u00e7\u00e3o aqui.<br><br><\/pre>\n\n\n\n<p>Minicurso De Marketing Digital Para Pequenas Empresas Da Baixada<br>Fluminense (02 edi\u00e7\u00f5es &#8211; na semana de extens\u00e3o rural, e na 5a<br>SNCT)<\/p>\n\n\n\n<p><\/p>\n\n\n\n<pre class=\"wp-block-preformatted\">Veja mais sobre essa A\u00e7\u00e3o aqui.<br><br><\/pre>\n\n\n\n<p>Promovendo o Desenvolvimento Regional a partir da Articula\u00e7\u00e3o da<br>Tr\u00edplice H\u00e9lice em Serop\u00e9dica\/RJ<\/p>\n\n\n\n<p><\/p>\n\n\n\n<p><\/p>\n\n\n\n<pre class=\"wp-block-preformatted\">Veja mais sobre essa A\u00e7\u00e3o aqui.<\/pre>\n\n\n\n<hr class=\"wp-block-separator has-alpha-channel-opacity\"\/>\n\n\n\n<p><\/p>\n\n\n\n<p class=\"has-text-align-center\"><strong>2023<\/strong><\/p>\n\n\n\n<p><br>Rede de Estudos do Consumo<\/p>\n\n\n\n<p><\/p>\n\n\n\n<pre class=\"wp-block-preformatted\">Veja mais sobre essa A\u00e7\u00e3o aqui.<\/pre>\n\n\n\n<p><\/p>\n\n\n\n<p>Perfil do Gestor e os Desafios Contempor\u00e2neos<\/p>\n\n\n\n<p><\/p>\n\n\n\n<pre class=\"wp-block-preformatted\">Veja mais sobre essa A\u00e7\u00e3o aqui.<br><\/pre>\n\n\n\n<p><\/p>\n\n\n\n<p>Estrat\u00e9gias de marketing para atrair o p\u00fablico alvo<\/p>\n\n\n\n<p><\/p>\n\n\n\n<pre class=\"wp-block-preformatted\">Veja mais sobre essa A\u00e7\u00e3o aqui.<br><br><\/pre>\n\n\n\n<p>Feira Virtual de Est\u00e1gio e Oportunidades do curso de Administra\u00e7\u00e3o &#8211; UFRRJ<\/p>\n\n\n\n<p><\/p>\n\n\n\n<pre class=\"wp-block-preformatted\">Veja mais sobre essa A\u00e7\u00e3o aqui.<br><br><\/pre>\n\n\n\n<p>Comunica\u00e7\u00e3o estrat\u00e9gica: tecnologia e marketing para Serop\u00e9dica<\/p>\n\n\n\n<p><\/p>\n\n\n\n<pre class=\"wp-block-preformatted\">Veja mais sobre essa A\u00e7\u00e3o aqui.<br><br><\/pre>\n\n\n\n<p>TRANSFORMA UFRRJ: Laborat\u00f3rio de Gest\u00e3o e Inova\u00e7\u00e3o (BIEXT 2022)<\/p>\n\n\n\n<p><\/p>\n\n\n\n<p><\/p>\n\n\n\n<pre class=\"wp-block-preformatted\">Veja mais sobre essa A\u00e7\u00e3o aqui.<\/pre>\n\n\n\n<hr class=\"wp-block-separator has-alpha-channel-opacity\"\/>\n\n\n\n<p><\/p>\n\n\n\n<p class=\"has-text-align-center\"><strong>2022<\/strong><\/p>\n\n\n\n<p>II Semana de Integra\u00e7\u00e3o do Instituto de Ci\u00eancias Sociais Aplicadas<\/p>\n\n\n\n<p><\/p>\n\n\n\n<pre class=\"wp-block-preformatted\">Veja mais sobre essa A\u00e7\u00e3o aqui.<\/pre>\n\n\n\n<p><\/p>\n\n\n\n<p>Fase 2 da I Semana de Integra\u00e7\u00e3o do Instituto de Ci\u00eancias Sociais Aplicadas UFRRJ &#8211; Confraterniza\u00e7\u00e3o Junina<\/p>\n\n\n\n<pre class=\"wp-block-preformatted\">Veja mais sobre essa A\u00e7\u00e3o aqui.<\/pre>\n\n\n\n<p>I SEMANA DE INTEGRA\u00c7\u00c3O DO INSTITUTO DE CIENCIAS SOCIAIS APLICADAS<\/p>\n\n\n\n<hr class=\"wp-block-separator has-alpha-channel-opacity\"\/>\n\n\n\n<p><\/p>\n\n\n\n<p class=\"has-text-align-center\"><strong>2021<\/strong><\/p>\n\n\n\n<p>Feira Virtual de Est\u00e1gio e Oportunidades &#8211; Administra\u00e7\u00e3o Serop\u00e9dica UFRRJ<\/p>\n\n\n\n<p><\/p>\n\n\n\n<pre class=\"wp-block-preformatted\">Veja mais sobre essa A\u00e7\u00e3o aqui.<\/pre>\n\n\n\n<p><\/p>\n\n\n\n<p>Feira de Est\u00e1gio Virtual<\/p>\n\n\n\n<pre class=\"wp-block-preformatted\">Veja mais sobre essa A\u00e7\u00e3o aqui.<\/pre>\n\n\n\n<hr class=\"wp-block-separator has-alpha-channel-opacity\"\/>\n\n\n\n<p><\/p>\n\n\n\n<p class=\"has-text-align-center\"><strong>2020<\/strong><\/p>\n\n\n\n<p>Qualidade de Sistemas e Tecnologia da Informa\u00e7\u00e3o em Organiza\u00e7\u00f5es P\u00fablicas: Uma experi\u00eancia na UFRRJ<\/p>\n\n\n\n<pre class=\"wp-block-preformatted\">Veja mais sobre essa A\u00e7\u00e3o aqui.<\/pre>\n","protected":false},"excerpt":{"rendered":"<p>As a\u00e7\u00f5es de extens\u00e3o da UFRRJ est\u00e3o definidas na Delibera\u00e7\u00e3o CEPE N\u00ba 371, de 04 de agosto de 2022, com a devida [&hellip;]<\/p>\n","protected":false},"author":4,"featured_media":0,"parent":0,"menu_order":0,"comment_status":"closed","ping_status":"closed","template":"","meta":{"_acf_changed":false,"footnotes":""},"class_list":["post-65","page","type-page","status-publish","hentry"],"acf":[],"yoast_head":"<!-- This site is optimized with the Yoast SEO plugin v23.4 - https:\/\/yoast.com\/wordpress\/plugins\/seo\/ -->\n<title>A\u00e7\u00f5es de Extens\u00e3o - Departamento Ci\u00eancias Administrativas<\/title>\n<meta name=\"robots\" content=\"index, follow, max-snippet:-1, max-image-preview:large, max-video-preview:-1\" \/>\n<link rel=\"canonical\" href=\"https:\/\/departamentos.ufrrj.br\/dca\/acoes-de-extensao\/\" \/>\n<meta property=\"og:locale\" content=\"pt_BR\" \/>\n<meta property=\"og:type\" content=\"article\" \/>\n<meta property=\"og:title\" content=\"A\u00e7\u00f5es de Extens\u00e3o - Departamento Ci\u00eancias Administrativas\" \/>\n<meta property=\"og:description\" content=\"As a\u00e7\u00f5es de extens\u00e3o da UFRRJ est\u00e3o definidas na Delibera\u00e7\u00e3o CEPE N\u00ba 371, de 04 de agosto de 2022, com a devida [&hellip;]\" \/>\n<meta property=\"og:url\" content=\"https:\/\/departamentos.ufrrj.br\/dca\/acoes-de-extensao\/\" \/>\n<meta property=\"og:site_name\" content=\"Departamento Ci\u00eancias Administrativas\" \/>\n<meta property=\"article:modified_time\" content=\"2025-05-16T18:19:56+00:00\" \/>\n<meta name=\"twitter:card\" content=\"summary_large_image\" \/>\n<meta name=\"twitter:label1\" content=\"Est. tempo de leitura\" \/>\n\t<meta name=\"twitter:data1\" content=\"9 minutos\" \/>\n<script type=\"application\/ld+json\" class=\"yoast-schema-graph\">{\"@context\":\"https:\/\/schema.org\",\"@graph\":[{\"@type\":\"WebPage\",\"@id\":\"https:\/\/departamentos.ufrrj.br\/dca\/acoes-de-extensao\/\",\"url\":\"https:\/\/departamentos.ufrrj.br\/dca\/acoes-de-extensao\/\",\"name\":\"A\u00e7\u00f5es de Extens\u00e3o - Departamento Ci\u00eancias Administrativas\",\"isPartOf\":{\"@id\":\"https:\/\/departamentos.ufrrj.br\/dca\/#website\"},\"datePublished\":\"2024-09-23T02:13:26+00:00\",\"dateModified\":\"2025-05-16T18:19:56+00:00\",\"breadcrumb\":{\"@id\":\"https:\/\/departamentos.ufrrj.br\/dca\/acoes-de-extensao\/#breadcrumb\"},\"inLanguage\":\"pt-BR\",\"potentialAction\":[{\"@type\":\"ReadAction\",\"target\":[\"https:\/\/departamentos.ufrrj.br\/dca\/acoes-de-extensao\/\"]}]},{\"@type\":\"BreadcrumbList\",\"@id\":\"https:\/\/departamentos.ufrrj.br\/dca\/acoes-de-extensao\/#breadcrumb\",\"itemListElement\":[{\"@type\":\"ListItem\",\"position\":1,\"name\":\"In\u00edcio\",\"item\":\"https:\/\/departamentos.ufrrj.br\/dca\/\"},{\"@type\":\"ListItem\",\"position\":2,\"name\":\"A\u00e7\u00f5es de Extens\u00e3o\"}]},{\"@type\":\"WebSite\",\"@id\":\"https:\/\/departamentos.ufrrj.br\/dca\/#website\",\"url\":\"https:\/\/departamentos.ufrrj.br\/dca\/\",\"name\":\"Departamento Ci\u00eancias Administrativas\",\"description\":\"\",\"potentialAction\":[{\"@type\":\"SearchAction\",\"target\":{\"@type\":\"EntryPoint\",\"urlTemplate\":\"https:\/\/departamentos.ufrrj.br\/dca\/?s={search_term_string}\"},\"query-input\":{\"@type\":\"PropertyValueSpecification\",\"valueRequired\":true,\"valueName\":\"search_term_string\"}}],\"inLanguage\":\"pt-BR\"}]}<\/script>\n<!-- \/ Yoast SEO plugin. -->","yoast_head_json":{"title":"A\u00e7\u00f5es de Extens\u00e3o - Departamento Ci\u00eancias Administrativas","robots":{"index":"index","follow":"follow","max-snippet":"max-snippet:-1","max-image-preview":"max-image-preview:large","max-video-preview":"max-video-preview:-1"},"canonical":"https:\/\/departamentos.ufrrj.br\/dca\/acoes-de-extensao\/","og_locale":"pt_BR","og_type":"article","og_title":"A\u00e7\u00f5es de Extens\u00e3o - Departamento Ci\u00eancias Administrativas","og_description":"As a\u00e7\u00f5es de extens\u00e3o da UFRRJ est\u00e3o definidas na Delibera\u00e7\u00e3o CEPE N\u00ba 371, de 04 de agosto de 2022, com a devida [&hellip;]","og_url":"https:\/\/departamentos.ufrrj.br\/dca\/acoes-de-extensao\/","og_site_name":"Departamento Ci\u00eancias Administrativas","article_modified_time":"2025-05-16T18:19:56+00:00","twitter_card":"summary_large_image","twitter_misc":{"Est. tempo de leitura":"9 minutos"},"schema":{"@context":"https:\/\/schema.org","@graph":[{"@type":"WebPage","@id":"https:\/\/departamentos.ufrrj.br\/dca\/acoes-de-extensao\/","url":"https:\/\/departamentos.ufrrj.br\/dca\/acoes-de-extensao\/","name":"A\u00e7\u00f5es de Extens\u00e3o - Departamento Ci\u00eancias Administrativas","isPartOf":{"@id":"https:\/\/departamentos.ufrrj.br\/dca\/#website"},"datePublished":"2024-09-23T02:13:26+00:00","dateModified":"2025-05-16T18:19:56+00:00","breadcrumb":{"@id":"https:\/\/departamentos.ufrrj.br\/dca\/acoes-de-extensao\/#breadcrumb"},"inLanguage":"pt-BR","potentialAction":[{"@type":"ReadAction","target":["https:\/\/departamentos.ufrrj.br\/dca\/acoes-de-extensao\/"]}]},{"@type":"BreadcrumbList","@id":"https:\/\/departamentos.ufrrj.br\/dca\/acoes-de-extensao\/#breadcrumb","itemListElement":[{"@type":"ListItem","position":1,"name":"In\u00edcio","item":"https:\/\/departamentos.ufrrj.br\/dca\/"},{"@type":"ListItem","position":2,"name":"A\u00e7\u00f5es de Extens\u00e3o"}]},{"@type":"WebSite","@id":"https:\/\/departamentos.ufrrj.br\/dca\/#website","url":"https:\/\/departamentos.ufrrj.br\/dca\/","name":"Departamento Ci\u00eancias Administrativas","description":"","potentialAction":[{"@type":"SearchAction","target":{"@type":"EntryPoint","urlTemplate":"https:\/\/departamentos.ufrrj.br\/dca\/?s={search_term_string}"},"query-input":{"@type":"PropertyValueSpecification","valueRequired":true,"valueName":"search_term_string"}}],"inLanguage":"pt-BR"}]}},"_links":{"self":[{"href":"https:\/\/departamentos.ufrrj.br\/dca\/wp-json\/wp\/v2\/pages\/65"}],"collection":[{"href":"https:\/\/departamentos.ufrrj.br\/dca\/wp-json\/wp\/v2\/pages"}],"about":[{"href":"https:\/\/departamentos.ufrrj.br\/dca\/wp-json\/wp\/v2\/types\/page"}],"author":[{"embeddable":true,"href":"https:\/\/departamentos.ufrrj.br\/dca\/wp-json\/wp\/v2\/users\/4"}],"replies":[{"embeddable":true,"href":"https:\/\/departamentos.ufrrj.br\/dca\/wp-json\/wp\/v2\/comments?post=65"}],"version-history":[{"count":42,"href":"https:\/\/departamentos.ufrrj.br\/dca\/wp-json\/wp\/v2\/pages\/65\/revisions"}],"predecessor-version":[{"id":327,"href":"https:\/\/departamentos.ufrrj.br\/dca\/wp-json\/wp\/v2\/pages\/65\/revisions\/327"}],"wp:attachment":[{"href":"https:\/\/departamentos.ufrrj.br\/dca\/wp-json\/wp\/v2\/media?parent=65"}],"curies":[{"name":"wp","href":"https:\/\/api.w.org\/{rel}","templated":true}]}}