{"id":99,"date":"2024-09-22T23:49:23","date_gmt":"2024-09-23T02:49:23","guid":{"rendered":"https:\/\/departamentos.ufrrj.br\/dca\/?page_id=99"},"modified":"2025-05-28T15:02:24","modified_gmt":"2025-05-28T18:02:24","slug":"corpo-docente-permanente","status":"publish","type":"page","link":"https:\/\/departamentos.ufrrj.br\/dca\/corpo-docente-permanente\/","title":{"rendered":"Corpo Docente Permanente"},"content":{"rendered":"\n<p>Os professores do Departamento de Ci\u00eancias Administrativas se destacam pela excel\u00eancia no ensino, combinando vasta experi\u00eancia acad\u00eamica e pr\u00e1tica. Eles promovem um aprendizado que vai al\u00e9m da teoria, incentivando o pensamento cr\u00edtico e a inova\u00e7\u00e3o. Al\u00e9m disso, o Departamento \u00e9 marcado pela constante produ\u00e7\u00e3o acad\u00eamica e pelo envolvimento dos docentes em pesquisas, garantindo uma forma\u00e7\u00e3o s\u00f3lida e atualizada para os alunos, preparados para os desafios do mercado de trabalho.<\/p>\n\n\n\n<p><strong>Chefia: <\/strong>Prof. Dr. Jo\u00e3o Lu\u00eds Alves Pinheiro<\/p>\n\n\n\n<p><strong>Vice-Chefia:<\/strong>&nbsp;Prof. Dr\u00aa Andreia Cristina Resende de Almeida<\/p>\n\n\n\n<p><strong>Secretaria do DCA:<\/strong> Alessandra Quintela Nunes Dutra<br><strong>E-mail<\/strong>: chefia.dca@ufrrj.br<\/p>\n\n\n\n<figure class=\"wp-block-table\"><table><tbody><tr><td><strong>DOCENTES<\/strong><\/td><td><strong>LATTES<\/strong><\/td><\/tr><tr><td>Alessandra Cassol<\/td><td><a href=\"http:\/\/lattes.cnpq.br\/9005547281638334\"><img decoding=\"async\" style=\"width: 25px;\" src=\"https:\/\/institutos.ufrrj.br\/icsa\/wp-content\/uploads\/sites\/101\/2024\/02\/Captura-de-tela-2024-02-01-152404-1.png\" alt=\"\"><\/a><\/td><\/tr><tr><td>Andr\u00e9 Lu\u00eds de Carvalho<\/td><td><a href=\"http:\/\/lattes.cnpq.br\/1346376813275703\"><img decoding=\"async\" style=\"width: 25px;\" src=\"https:\/\/institutos.ufrrj.br\/icsa\/wp-content\/uploads\/sites\/101\/2024\/02\/Captura-de-tela-2024-02-01-152404-1.png\" alt=\"\"><\/a><\/td><\/tr><tr><td>Andr\u00e9ia Cristina Resende de Almeida<\/td><td><a href=\"http:\/\/lattes.cnpq.br\/3863808749612995\"><img decoding=\"async\" style=\"width: 25px;\" src=\"https:\/\/institutos.ufrrj.br\/icsa\/wp-content\/uploads\/sites\/101\/2024\/02\/Captura-de-tela-2024-02-01-152404-1.png\" alt=\"\"><\/a><\/td><\/tr><tr><td>Ant\u00f4nio Martinez Fandi\u00f1o<\/td><td><a href=\"http:\/\/lattes.cnpq.br\/5027644833562476\"><img decoding=\"async\" style=\"width: 25px;\" src=\"https:\/\/institutos.ufrrj.br\/icsa\/wp-content\/uploads\/sites\/101\/2024\/02\/Captura-de-tela-2024-02-01-152404-1.png\" alt=\"\"><\/a><\/td><\/tr><tr><td>Ayala Liberato Braga<\/td><td><a href=\"http:\/\/lattes.cnpq.br\/8613681965033056\"><img decoding=\"async\" style=\"width: 25px;\" src=\"https:\/\/institutos.ufrrj.br\/icsa\/wp-content\/uploads\/sites\/101\/2024\/02\/Captura-de-tela-2024-02-01-152404-1.png\" alt=\"\"><\/a><\/td><\/tr><tr><td>Edival Dan<\/td><td><a href=\"http:\/\/lattes.cnpq.br\/9555696041308526\"><img decoding=\"async\" style=\"width: 25px;\" src=\"https:\/\/institutos.ufrrj.br\/icsa\/wp-content\/uploads\/sites\/101\/2024\/02\/Captura-de-tela-2024-02-01-152404-1.png\" alt=\"\"><\/a><\/td><\/tr><tr><td>Elizabeth Jorge Hatchuel<\/td><td><a href=\"https:\/\/sigaa.ufrrj.br\/sigaa\/public\/docente\/portal.jsf?siape=1831754\"><img decoding=\"async\" style=\"width: 25px;\" src=\"https:\/\/institutos.ufrrj.br\/icsa\/wp-content\/uploads\/sites\/101\/2024\/02\/Captura-de-tela-2024-02-01-152404-1.png\" alt=\"\"><\/a><\/td><\/tr><tr><td>Flavia Luiza O. da Cunha Galindo<\/td><td><a href=\"http:\/\/lattes.cnpq.br\/6473625072239932\"><img decoding=\"async\" style=\"width: 25px;\" src=\"https:\/\/institutos.ufrrj.br\/icsa\/wp-content\/uploads\/sites\/101\/2024\/02\/Captura-de-tela-2024-02-01-152404-1.png\" alt=\"\"><\/a><\/td><\/tr><tr><td>Jo\u00e3o Lu\u00eds Alves Pinheiro<\/td><td><a href=\"http:\/\/lattes.cnpq.br\/3974117267159901\"><img decoding=\"async\" style=\"width: 25px;\" src=\"https:\/\/institutos.ufrrj.br\/icsa\/wp-content\/uploads\/sites\/101\/2024\/02\/Captura-de-tela-2024-02-01-152404-1.png\" alt=\"\"><\/a><\/td><\/tr><tr><td>Luciene Gouveia Batista<\/td><td><a href=\"http:\/\/lattes.cnpq.br\/6955193566639456\"><img decoding=\"async\" style=\"width: 25px;\" src=\"https:\/\/institutos.ufrrj.br\/icsa\/wp-content\/uploads\/sites\/101\/2024\/02\/Captura-de-tela-2024-02-01-152404-1.png\" alt=\"\"><\/a><\/td><\/tr><tr><td>Luiz Alberto de Lima Leandro<\/td><td><a href=\"http:\/\/lattes.cnpq.br\/5575803524887775\"><img decoding=\"async\" style=\"width: 25px;\" src=\"https:\/\/institutos.ufrrj.br\/icsa\/wp-content\/uploads\/sites\/101\/2024\/02\/Captura-de-tela-2024-02-01-152404-1.png\" alt=\"\"><\/a><\/td><\/tr><tr><td>Marcello Vin\u00edcius D\u00f3ria Calvosa<\/td><td><a href=\"http:\/\/lattes.cnpq.br\/2844242339593000\"><img decoding=\"async\" style=\"width: 25px;\" src=\"https:\/\/institutos.ufrrj.br\/icsa\/wp-content\/uploads\/sites\/101\/2024\/02\/Captura-de-tela-2024-02-01-152404-1.png\" alt=\"\"><\/a><\/td><\/tr><tr><td>Marcelo Sales Ferreira<\/td><td><a href=\"http:\/\/lattes.cnpq.br\/8194523141613358\"><img decoding=\"async\" style=\"width: 25px;\" src=\"https:\/\/institutos.ufrrj.br\/icsa\/wp-content\/uploads\/sites\/101\/2024\/02\/Captura-de-tela-2024-02-01-152404-1.png\" alt=\"\"><\/a><\/td><\/tr><tr><td>Marcelo Sobreiro<\/td><td><a href=\"http:\/\/lattes.cnpq.br\/5050048552361361\"><img decoding=\"async\" style=\"width: 25px;\" src=\"https:\/\/institutos.ufrrj.br\/icsa\/wp-content\/uploads\/sites\/101\/2024\/02\/Captura-de-tela-2024-02-01-152404-1.png\" alt=\"\"><\/a><\/td><\/tr><tr><td>Marco Ant\u00f4nio Ferreira de Souza<\/td><td><a href=\"http:\/\/lattes.cnpq.br\/5708227944301103\"><img decoding=\"async\" style=\"width: 25px;\" src=\"https:\/\/institutos.ufrrj.br\/icsa\/wp-content\/uploads\/sites\/101\/2024\/02\/Captura-de-tela-2024-02-01-152404-1.png\" alt=\"\"><\/a><\/td><\/tr><tr><td>Patr\u00edcia Leite da Silva Scatulino<\/td><td><a href=\"http:\/\/lattes.cnpq.br\/6097082664548980\"><img decoding=\"async\" style=\"width: 25px;\" src=\"https:\/\/institutos.ufrrj.br\/icsa\/wp-content\/uploads\/sites\/101\/2024\/02\/Captura-de-tela-2024-02-01-152404-1.png\" alt=\"\"><\/a><\/td><\/tr><tr><td>Rosa Amelita S\u00e1 Menezes da Motta<\/td><td><a href=\"http:\/\/lattes.cnpq.br\/6027663760311589\"><img decoding=\"async\" style=\"width: 25px;\" src=\"https:\/\/institutos.ufrrj.br\/icsa\/wp-content\/uploads\/sites\/101\/2024\/02\/Captura-de-tela-2024-02-01-152404-1.png\" alt=\"\"><\/a><\/td><\/tr><tr><td>Rosana Frujuelle<\/td><td><a href=\"http:\/\/lattes.cnpq.br\/6027663760311589\"><img decoding=\"async\" style=\"width: 25px;\" src=\"https:\/\/institutos.ufrrj.br\/icsa\/wp-content\/uploads\/sites\/101\/2024\/02\/Captura-de-tela-2024-02-01-152404-1.png\" alt=\"\"><\/a><\/td><\/tr><\/tbody><\/table><\/figure>\n\n\n\n<p><\/p>\n","protected":false},"excerpt":{"rendered":"<p>Os professores do Departamento de Ci\u00eancias Administrativas se destacam pela excel\u00eancia no ensino, combinando vasta experi\u00eancia acad\u00eamica e pr\u00e1tica. Eles promovem um [&hellip;]<\/p>\n","protected":false},"author":4,"featured_media":0,"parent":0,"menu_order":0,"comment_status":"closed","ping_status":"closed","template":"","meta":{"_acf_changed":false,"footnotes":""},"class_list":["post-99","page","type-page","status-publish","hentry"],"acf":[],"yoast_head":"<!-- This site is optimized with the Yoast SEO plugin v23.4 - https:\/\/yoast.com\/wordpress\/plugins\/seo\/ -->\n<title>Corpo Docente Permanente - Departamento Ci\u00eancias Administrativas<\/title>\n<meta name=\"robots\" content=\"index, follow, max-snippet:-1, max-image-preview:large, max-video-preview:-1\" \/>\n<link rel=\"canonical\" href=\"https:\/\/departamentos.ufrrj.br\/dca\/corpo-docente-permanente\/\" \/>\n<meta property=\"og:locale\" content=\"pt_BR\" \/>\n<meta property=\"og:type\" content=\"article\" \/>\n<meta property=\"og:title\" content=\"Corpo Docente Permanente - Departamento Ci\u00eancias Administrativas\" \/>\n<meta property=\"og:description\" content=\"Os professores do Departamento de Ci\u00eancias Administrativas se destacam pela excel\u00eancia no ensino, combinando vasta experi\u00eancia acad\u00eamica e pr\u00e1tica. Eles promovem um [&hellip;]\" \/>\n<meta property=\"og:url\" content=\"https:\/\/departamentos.ufrrj.br\/dca\/corpo-docente-permanente\/\" \/>\n<meta property=\"og:site_name\" content=\"Departamento Ci\u00eancias Administrativas\" \/>\n<meta property=\"article:modified_time\" content=\"2025-05-28T18:02:24+00:00\" \/>\n<meta property=\"og:image\" content=\"https:\/\/institutos.ufrrj.br\/icsa\/wp-content\/uploads\/sites\/101\/2024\/02\/Captura-de-tela-2024-02-01-152404-1.png\" \/>\n<meta name=\"twitter:card\" content=\"summary_large_image\" \/>\n<meta name=\"twitter:label1\" content=\"Est. tempo de leitura\" \/>\n\t<meta name=\"twitter:data1\" content=\"5 minutos\" \/>\n<script type=\"application\/ld+json\" class=\"yoast-schema-graph\">{\"@context\":\"https:\/\/schema.org\",\"@graph\":[{\"@type\":\"WebPage\",\"@id\":\"https:\/\/departamentos.ufrrj.br\/dca\/corpo-docente-permanente\/\",\"url\":\"https:\/\/departamentos.ufrrj.br\/dca\/corpo-docente-permanente\/\",\"name\":\"Corpo Docente Permanente - Departamento Ci\u00eancias Administrativas\",\"isPartOf\":{\"@id\":\"https:\/\/departamentos.ufrrj.br\/dca\/#website\"},\"primaryImageOfPage\":{\"@id\":\"https:\/\/departamentos.ufrrj.br\/dca\/corpo-docente-permanente\/#primaryimage\"},\"image\":{\"@id\":\"https:\/\/departamentos.ufrrj.br\/dca\/corpo-docente-permanente\/#primaryimage\"},\"thumbnailUrl\":\"https:\/\/institutos.ufrrj.br\/icsa\/wp-content\/uploads\/sites\/101\/2024\/02\/Captura-de-tela-2024-02-01-152404-1.png\",\"datePublished\":\"2024-09-23T02:49:23+00:00\",\"dateModified\":\"2025-05-28T18:02:24+00:00\",\"breadcrumb\":{\"@id\":\"https:\/\/departamentos.ufrrj.br\/dca\/corpo-docente-permanente\/#breadcrumb\"},\"inLanguage\":\"pt-BR\",\"potentialAction\":[{\"@type\":\"ReadAction\",\"target\":[\"https:\/\/departamentos.ufrrj.br\/dca\/corpo-docente-permanente\/\"]}]},{\"@type\":\"ImageObject\",\"inLanguage\":\"pt-BR\",\"@id\":\"https:\/\/departamentos.ufrrj.br\/dca\/corpo-docente-permanente\/#primaryimage\",\"url\":\"https:\/\/institutos.ufrrj.br\/icsa\/wp-content\/uploads\/sites\/101\/2024\/02\/Captura-de-tela-2024-02-01-152404-1.png\",\"contentUrl\":\"https:\/\/institutos.ufrrj.br\/icsa\/wp-content\/uploads\/sites\/101\/2024\/02\/Captura-de-tela-2024-02-01-152404-1.png\"},{\"@type\":\"BreadcrumbList\",\"@id\":\"https:\/\/departamentos.ufrrj.br\/dca\/corpo-docente-permanente\/#breadcrumb\",\"itemListElement\":[{\"@type\":\"ListItem\",\"position\":1,\"name\":\"In\u00edcio\",\"item\":\"https:\/\/departamentos.ufrrj.br\/dca\/\"},{\"@type\":\"ListItem\",\"position\":2,\"name\":\"Corpo Docente Permanente\"}]},{\"@type\":\"WebSite\",\"@id\":\"https:\/\/departamentos.ufrrj.br\/dca\/#website\",\"url\":\"https:\/\/departamentos.ufrrj.br\/dca\/\",\"name\":\"Departamento Ci\u00eancias Administrativas\",\"description\":\"\",\"potentialAction\":[{\"@type\":\"SearchAction\",\"target\":{\"@type\":\"EntryPoint\",\"urlTemplate\":\"https:\/\/departamentos.ufrrj.br\/dca\/?s={search_term_string}\"},\"query-input\":{\"@type\":\"PropertyValueSpecification\",\"valueRequired\":true,\"valueName\":\"search_term_string\"}}],\"inLanguage\":\"pt-BR\"}]}<\/script>\n<!-- \/ Yoast SEO plugin. -->","yoast_head_json":{"title":"Corpo Docente Permanente - Departamento Ci\u00eancias Administrativas","robots":{"index":"index","follow":"follow","max-snippet":"max-snippet:-1","max-image-preview":"max-image-preview:large","max-video-preview":"max-video-preview:-1"},"canonical":"https:\/\/departamentos.ufrrj.br\/dca\/corpo-docente-permanente\/","og_locale":"pt_BR","og_type":"article","og_title":"Corpo Docente Permanente - Departamento Ci\u00eancias Administrativas","og_description":"Os professores do Departamento de Ci\u00eancias Administrativas se destacam pela excel\u00eancia no ensino, combinando vasta experi\u00eancia acad\u00eamica e pr\u00e1tica. Eles promovem um [&hellip;]","og_url":"https:\/\/departamentos.ufrrj.br\/dca\/corpo-docente-permanente\/","og_site_name":"Departamento Ci\u00eancias Administrativas","article_modified_time":"2025-05-28T18:02:24+00:00","og_image":[{"url":"https:\/\/institutos.ufrrj.br\/icsa\/wp-content\/uploads\/sites\/101\/2024\/02\/Captura-de-tela-2024-02-01-152404-1.png"}],"twitter_card":"summary_large_image","twitter_misc":{"Est. tempo de leitura":"5 minutos"},"schema":{"@context":"https:\/\/schema.org","@graph":[{"@type":"WebPage","@id":"https:\/\/departamentos.ufrrj.br\/dca\/corpo-docente-permanente\/","url":"https:\/\/departamentos.ufrrj.br\/dca\/corpo-docente-permanente\/","name":"Corpo Docente Permanente - Departamento Ci\u00eancias Administrativas","isPartOf":{"@id":"https:\/\/departamentos.ufrrj.br\/dca\/#website"},"primaryImageOfPage":{"@id":"https:\/\/departamentos.ufrrj.br\/dca\/corpo-docente-permanente\/#primaryimage"},"image":{"@id":"https:\/\/departamentos.ufrrj.br\/dca\/corpo-docente-permanente\/#primaryimage"},"thumbnailUrl":"https:\/\/institutos.ufrrj.br\/icsa\/wp-content\/uploads\/sites\/101\/2024\/02\/Captura-de-tela-2024-02-01-152404-1.png","datePublished":"2024-09-23T02:49:23+00:00","dateModified":"2025-05-28T18:02:24+00:00","breadcrumb":{"@id":"https:\/\/departamentos.ufrrj.br\/dca\/corpo-docente-permanente\/#breadcrumb"},"inLanguage":"pt-BR","potentialAction":[{"@type":"ReadAction","target":["https:\/\/departamentos.ufrrj.br\/dca\/corpo-docente-permanente\/"]}]},{"@type":"ImageObject","inLanguage":"pt-BR","@id":"https:\/\/departamentos.ufrrj.br\/dca\/corpo-docente-permanente\/#primaryimage","url":"https:\/\/institutos.ufrrj.br\/icsa\/wp-content\/uploads\/sites\/101\/2024\/02\/Captura-de-tela-2024-02-01-152404-1.png","contentUrl":"https:\/\/institutos.ufrrj.br\/icsa\/wp-content\/uploads\/sites\/101\/2024\/02\/Captura-de-tela-2024-02-01-152404-1.png"},{"@type":"BreadcrumbList","@id":"https:\/\/departamentos.ufrrj.br\/dca\/corpo-docente-permanente\/#breadcrumb","itemListElement":[{"@type":"ListItem","position":1,"name":"In\u00edcio","item":"https:\/\/departamentos.ufrrj.br\/dca\/"},{"@type":"ListItem","position":2,"name":"Corpo Docente Permanente"}]},{"@type":"WebSite","@id":"https:\/\/departamentos.ufrrj.br\/dca\/#website","url":"https:\/\/departamentos.ufrrj.br\/dca\/","name":"Departamento Ci\u00eancias Administrativas","description":"","potentialAction":[{"@type":"SearchAction","target":{"@type":"EntryPoint","urlTemplate":"https:\/\/departamentos.ufrrj.br\/dca\/?s={search_term_string}"},"query-input":{"@type":"PropertyValueSpecification","valueRequired":true,"valueName":"search_term_string"}}],"inLanguage":"pt-BR"}]}},"_links":{"self":[{"href":"https:\/\/departamentos.ufrrj.br\/dca\/wp-json\/wp\/v2\/pages\/99"}],"collection":[{"href":"https:\/\/departamentos.ufrrj.br\/dca\/wp-json\/wp\/v2\/pages"}],"about":[{"href":"https:\/\/departamentos.ufrrj.br\/dca\/wp-json\/wp\/v2\/types\/page"}],"author":[{"embeddable":true,"href":"https:\/\/departamentos.ufrrj.br\/dca\/wp-json\/wp\/v2\/users\/4"}],"replies":[{"embeddable":true,"href":"https:\/\/departamentos.ufrrj.br\/dca\/wp-json\/wp\/v2\/comments?post=99"}],"version-history":[{"count":5,"href":"https:\/\/departamentos.ufrrj.br\/dca\/wp-json\/wp\/v2\/pages\/99\/revisions"}],"predecessor-version":[{"id":336,"href":"https:\/\/departamentos.ufrrj.br\/dca\/wp-json\/wp\/v2\/pages\/99\/revisions\/336"}],"wp:attachment":[{"href":"https:\/\/departamentos.ufrrj.br\/dca\/wp-json\/wp\/v2\/media?parent=99"}],"curies":[{"name":"wp","href":"https:\/\/api.w.org\/{rel}","templated":true}]}}