{"id":13,"date":"2024-09-13T16:03:30","date_gmt":"2024-09-13T19:03:30","guid":{"rendered":"https:\/\/departamentos.ufrrj.br\/dce\/?page_id=13"},"modified":"2024-09-30T14:31:33","modified_gmt":"2024-09-30T17:31:33","slug":"apresentacao","status":"publish","type":"page","link":"https:\/\/departamentos.ufrrj.br\/dce\/apresentacao\/","title":{"rendered":"Apresenta\u00e7\u00e3o"},"content":{"rendered":"\n<p>A Universidade Federal Rural do Rio de Janeiro (UFRRJ) tem sua origem no documento que criou a Escola Superior de Agricultura e Medicina Veterin\u00e1ria (ESAMV) e estabeleceu as bases fundamentais do ensino agropecu\u00e1rio no Brasil. A ESAMV foi criada em 20 de outubro de 1910 pelo Decreto Federal n\u00ba 8.319, de 20 de outubro de 1910.E pelo Decreto Federal n\u00ba 6.155, de 30 de dezembro de 1943 foi institu\u00edda a Universidade Rural vinculada ao Centro Nacional de Ensino e Pesquisas Agron\u00f4micas (CENEPA) do Minist\u00e9rio da Agricultura.<\/p>\n\n\n\n<p>Em 1948, a ent\u00e3o Universidade Rural, foi transferida para as margens da antiga rodovia Rio-S\u00e3o Paulo localizada em Serop\u00e9dica, que era, naquele momento, distrito do munic\u00edpio de Itagua\u00ed. Com a Lei Delegada n\u00ba 9, de 11 de outubro de 1962 \u2013 que tratou da reorganiza\u00e7\u00e3o do Minist\u00e9rio da Agricultura \u2013 a Universidade Rural passou a ser denominada de Universidade Rural do Brasil, sendo-lhe reconhecida autonomia did\u00e1tica, administrativa, financeira e disciplinar, que seria exercida na forma de seus estatutos. Anteriormente, em 1958, a UFRRJ, ent\u00e3o Universidade Rural do Brasil, recebeu ajuda financeira do Minist\u00e9rio da Educa\u00e7\u00e3o e da Cultura, nos termos de conv\u00eanio com ajuda financeira pelo COSUPI (Comiss\u00e3o Supervisora dos Institutos)<a href=\"#_ftn1\" id=\"_ftnref1\"><sup>[1]<\/sup><\/a>. Seu objetivo era a cria\u00e7\u00e3o de institutos especializados dentro das universidades. Assim, em 1962, criou-se, o Instituto de Economia Rural, com fun\u00e7\u00e3o de constituir um centro de excel\u00eancia em pesquisa. Este Instituto, por\u00e9m, deixou de funcionar pouco tempo depois, dada a extin\u00e7\u00e3o do conv\u00eanio e o fim da destina\u00e7\u00e3o dos recursos. Esse movimento foi essencial para a cria\u00e7\u00e3o do Departamento de Ci\u00eancias Econ\u00f4micas e Sociais, que al\u00e9m das atividades de pesquisa e extens\u00e3o, assumira as atividades de ensino concernentes \u00e0 antiga c\u00e1tedra (DCES, 1967).<\/p>\n\n\n\n<p>A Universidade Federal Rural do Rio de Janeiro, com essa denomina\u00e7\u00e3o, deu-se em maio de 1967, quando a Institui\u00e7\u00e3o passou do Minist\u00e9rio da Agricultura para o Minist\u00e9rio de Educa\u00e7\u00e3o. Essa denomina\u00e7\u00e3o foi decorrente do disposto no artigo 1\u00ba da Lei n\u00ba 4.759, de 20 de agosto de 1965 \u2013 Lei que disp\u00f4s sobre a denomina\u00e7\u00e3o e qualifica\u00e7\u00e3o das universidades e escolas t\u00e9cnicas federais (VEIGA, 2015). Visto que a Lei estabeleceu que: \u201cas Universidades e as Escolas T\u00e9cnicas da Uni\u00e3o, vinculadas ao Minist\u00e9rio da Educa\u00e7\u00e3o e Cultura, sediadas nas capitais dos estados, ser\u00e3o qualificadas de federais e ter\u00e3o a denomina\u00e7\u00e3o do respectivo Estado\u201d. E, em seu artigo 2\u00ba, a sede localizada em cidade que n\u00e3o a capital do estado, seria qualificada de federal com a denomina\u00e7\u00e3o da respectiva da cidade.&nbsp;<\/p>\n\n\n\n<p>O curso de Ci\u00eancias Econ\u00f4micas, campus Serop\u00e9dica, teve seu embri\u00e3o na Universidade com a cria\u00e7\u00e3o da disciplina de Economia Rural \u2013 ofertada pelo ent\u00e3o rec\u00e9m-criado Departamento de Ci\u00eancias Econ\u00f4micas, conforme desdobramento de c\u00e1tedra realizado pelo ent\u00e3o presidente da rep\u00fablica<a href=\"#_ftn2\" id=\"_ftnref2\"><sup>[2]<\/sup><\/a> -, sendo lecionada no quarto ano do curso de Agronomia. A Economia Rural inclu\u00eda Contabilidade Agr\u00edcola e Estat\u00edstica Agr\u00edcola e, em 1934, englobou temas da extinta c\u00e1tedra de Direito Rural e Legisla\u00e7\u00e3o. Em 1956, come\u00e7aram a ser incorporadas duas novas disciplinas, Sociologia Rural e Extens\u00e3o (DCES, 1967).<\/p>\n\n\n\n<p>O curso de gradua\u00e7\u00e3o em Ci\u00eancias Econ\u00f4micas foi autorizado pela Delibera\u00e7\u00e3o do Conselho Universit\u00e1rio \u2013 CONSU\/UFRRJ n. 14 de 11 de dezembro de 1969 \u2013 e, em 1970, inicia-se a primeira turma de Ci\u00eancias Econ\u00f4micas na UFRRJ. Em 1976, o curso \u00e9 oficialmente reconhecido por meio do Decreto Federal 77.198 de 19 de fevereiro de 1976, tendo em vista o Parecer do Conselho Federal de Educa\u00e7\u00e3o n\u00ba 4.820\/1975. E sua primeira turma ingressou por meio de vestibular isolado, realizado em 1970 sob o regime de curso seriado com dura\u00e7\u00e3o de 4 anos. Ramos; Veiga; Torres; Vieira; Bel\u00e9m e Campello (1984) esclarecem que no curr\u00edculo desta primeira turma, as disciplinas eram em car\u00e1ter semestral \u2013 influ\u00eancia da Reforma Universit\u00e1ria (Lei 5.540\/68). Em 1972, teve in\u00edcio a implanta\u00e7\u00e3o do sistema de curso n\u00e3o seriado ou em regime de cr\u00e9ditos, o que contribuiria para reduzir a dura\u00e7\u00e3o do curso, permitindo que o aluno organizasse o seu pr\u00f3prio plano de estudos e a possibilidade de escolher disciplinas optativas. A estrutura curricular foi reformulada, dividindo o curso em \u2018ciclo b\u00e1sico\u2019 e \u2018forma\u00e7\u00e3o profissional\u2019 e para inclus\u00e3o no ement\u00e1rio das disciplinas optativas.<\/p>\n\n\n\n<p>Os primeiros anos do curso de Ci\u00eancias Econ\u00f4micas representam resultado da Reforma Universit\u00e1ria de 1968, em que as c\u00e1tedras foram substitu\u00eddas pelo sistema de cr\u00e9ditos e a lota\u00e7\u00e3o de professores passou a ser organizada por departamentos. A partir desta reforma, criou-se o Instituto de Ci\u00eancias Humanas, o que ampliou as atividades do Departamento de Ci\u00eancias Econ\u00f4micas e Sociais, incluindo-se a p\u00f3s-gradua\u00e7\u00e3o, em<\/p>\n\n\n\n<p>Agroneg\u00f3cio, sob a forma de especializa\u00e7\u00e3o, aperfei\u00e7oamento e extens\u00e3o (DCES, 1967).&nbsp;<\/p>\n\n\n\n<p>Em 1973, o ingresso de estudantes no curso passou a ocorrer por vestibular realizado pela Funda\u00e7\u00e3o CESGRANRIO, o que teria, na avalia\u00e7\u00e3o de Ramos; Veiga; Torres; Vieira; Bel\u00e9m e Campello (1984) consolidado a \u00e1rea de humanidades na UFRRJ. Em 1975, ap\u00f3s aprova\u00e7\u00e3o e implanta\u00e7\u00e3o de novo regimento e estatuto da UFRRJ, o curr\u00edculo do curso de Economia passou a se denominar de gradua\u00e7\u00e3o em Ci\u00eancias Econ\u00f4micas e o grau conferido, bacharel em Ci\u00eancias Econ\u00f4micas (IDEM, 1984).<\/p>\n\n\n\n<p>Houve tamb\u00e9m altera\u00e7\u00e3o institucional da oferta de vagas nas diferentes turmas das disciplinas, o que traria impactos sobre a evolu\u00e7\u00e3o do curso. A reformula\u00e7\u00e3o realizada neste ano implementou a realiza\u00e7\u00e3o de est\u00e1gio supervisionado obrigat\u00f3rio, com a carga hor\u00e1ria m\u00ednima obrigat\u00f3ria de 180 horas, ou 12 cr\u00e9ditos.<\/p>\n\n\n\n<p>D\u00e9cadas depois, em 2012, um novo Estatuto e Regimento da UFRRJ \u00e9 aprovado \u2013 Delibera\u00e7\u00e3o CEPE n. 15 de 23 de mar\u00e7o de 2012 \u2013 e conforme par\u00e1grafo 2\u00ba de seu artigo 30 \u2013, os cursos de gradua\u00e7\u00e3o, assim como os cursos de p\u00f3s-gradua\u00e7\u00e3o, passam a estar vinculados aos Institutos e n\u00e3o mais aos departamentos. Definem-se, neste novo Estatuto e Regimento, aspectos dos cursos de gradua\u00e7\u00e3o, tais como: o seu funcionamento atrelado a um Projeto Pedag\u00f3gico de Curso (PPC), al\u00e9m de atribui\u00e7\u00f5es pr\u00f3prias para coordena\u00e7\u00f5es de curso (artigo 73, na se\u00e7\u00e3o III). Essa nova estrutura organizacional, dentre outros aspectos, consubstanciou mudan\u00e7as no \u00e2mbito nacional para avalia\u00e7\u00e3o de cursos de gradua\u00e7\u00e3o \u2013 como a cria\u00e7\u00e3o do Sistema Nacional de Avalia\u00e7\u00e3o do Ensino Superior (SINAES), em 2004 \u2013 e a normatiza\u00e7\u00e3o de N\u00facleos Docentes Estruturantes (NDE) \u2013 com a Resolu\u00e7\u00e3o MEC n. 01 de 17 de junho de 2010. Em 2013, por meio da Delibera\u00e7\u00e3o n\u00b0 60, de 30 de julho de 2013, o CONSU\/UFRRJ aprovou a cria\u00e7\u00e3o do Instituto de Ci\u00eancias Sociais Aplicadas (ICSA), vinculando o Departamento de Ci\u00eancias Econ\u00f4micas \u2013 DeCE \u2013 \u00e0 estrutura administrativa do novo Instituto, assim como a coordena\u00e7\u00e3o do curso. A gradua\u00e7\u00e3o experimenta um marco em 2023, quando o regulamento da gradua\u00e7\u00e3o \u00e9 aprovado.<\/p>\n\n\n\n<hr class=\"wp-block-separator has-alpha-channel-opacity\"\/>\n\n\n\n<p><a href=\"#_ftnref1\" id=\"_ftn1\">[1]<\/a> Mais informa\u00e7\u00f5es&nbsp; de&nbsp; &nbsp;&nbsp;&nbsp; car\u00e1ter&nbsp; legal&nbsp; &nbsp;&nbsp;&nbsp;&nbsp; podem&nbsp; ser&nbsp; consultadas&nbsp; em:&nbsp; <a href=\"https:\/\/www2.camara.leg.br\/legin\/fed\/decret\/1960-1969\/decreto-49355-28-novembro-1960-388761-publicacaooriginal-1-pe.html\">https:\/\/www2.camara.leg.br\/legin\/fed\/decret\/196<\/a><a href=\"https:\/\/www2.camara.leg.br\/legin\/fed\/decret\/1960-1969\/decreto-49355-28-novembro-1960-388761-publicacaooriginal-1-pe.html\">0<\/a><a href=\"https:\/\/www2.camara.leg.br\/legin\/fed\/decret\/1960-1969\/decreto-49355-28-novembro-1960-388761-publicacaooriginal-1-pe.html\">&#8211;<\/a><a href=\"https:\/\/www2.camara.leg.br\/legin\/fed\/decret\/1960-1969\/decreto-49355-28-novembro-1960-388761-publicacaooriginal-1-pe.html\">1969\/decret<\/a><a href=\"https:\/\/www2.camara.leg.br\/legin\/fed\/decret\/1960-1969\/decreto-49355-28-novembro-1960-388761-publicacaooriginal-1-pe.html\">o<\/a><a href=\"https:\/\/www2.camara.leg.br\/legin\/fed\/decret\/1960-1969\/decreto-49355-28-novembro-1960-388761-publicacaooriginal-1-pe.html\">&#8211;<\/a><a href=\"https:\/\/www2.camara.leg.br\/legin\/fed\/decret\/1960-1969\/decreto-49355-28-novembro-1960-388761-publicacaooriginal-1-pe.html\">4935<\/a><a href=\"https:\/\/www2.camara.leg.br\/legin\/fed\/decret\/1960-1969\/decreto-49355-28-novembro-1960-388761-publicacaooriginal-1-pe.html\">5<\/a><a href=\"https:\/\/www2.camara.leg.br\/legin\/fed\/decret\/1960-1969\/decreto-49355-28-novembro-1960-388761-publicacaooriginal-1-pe.html\">&#8211;<\/a><a href=\"https:\/\/www2.camara.leg.br\/legin\/fed\/decret\/1960-1969\/decreto-49355-28-novembro-1960-388761-publicacaooriginal-1-pe.html\">2<\/a><a href=\"https:\/\/www2.camara.leg.br\/legin\/fed\/decret\/1960-1969\/decreto-49355-28-novembro-1960-388761-publicacaooriginal-1-pe.html\">8<\/a><a href=\"https:\/\/www2.camara.leg.br\/legin\/fed\/decret\/1960-1969\/decreto-49355-28-novembro-1960-388761-publicacaooriginal-1-pe.html\">&#8211;<\/a><a href=\"https:\/\/www2.camara.leg.br\/legin\/fed\/decret\/1960-1969\/decreto-49355-28-novembro-1960-388761-publicacaooriginal-1-pe.html\">novembr<\/a><a href=\"https:\/\/www2.camara.leg.br\/legin\/fed\/decret\/1960-1969\/decreto-49355-28-novembro-1960-388761-publicacaooriginal-1-pe.html\">o<\/a><a href=\"https:\/\/www2.camara.leg.br\/legin\/fed\/decret\/1960-1969\/decreto-49355-28-novembro-1960-388761-publicacaooriginal-1-pe.html\">&#8211;<\/a><a href=\"https:\/\/www2.camara.leg.br\/legin\/fed\/decret\/1960-1969\/decreto-49355-28-novembro-1960-388761-publicacaooriginal-1-pe.html\">196<\/a><a href=\"https:\/\/www2.camara.leg.br\/legin\/fed\/decret\/1960-1969\/decreto-49355-28-novembro-1960-388761-publicacaooriginal-1-pe.html\">0<\/a><a href=\"https:\/\/www2.camara.leg.br\/legin\/fed\/decret\/1960-1969\/decreto-49355-28-novembro-1960-388761-publicacaooriginal-1-pe.html\"><\/a><a href=\"https:\/\/www2.camara.leg.br\/legin\/fed\/decret\/1960-1969\/decreto-49355-28-novembro-1960-388761-publicacaooriginal-1-pe.html\">38876<\/a><a href=\"https:\/\/www2.camara.leg.br\/legin\/fed\/decret\/1960-1969\/decreto-49355-28-novembro-1960-388761-publicacaooriginal-1-pe.html\">1<\/a><a href=\"https:\/\/www2.camara.leg.br\/legin\/fed\/decret\/1960-1969\/decreto-49355-28-novembro-1960-388761-publicacaooriginal-1-pe.html\">publicacaoorigina<\/a><a href=\"https:\/\/www2.camara.leg.br\/legin\/fed\/decret\/1960-1969\/decreto-49355-28-novembro-1960-388761-publicacaooriginal-1-pe.html\">l<\/a><a href=\"https:\/\/www2.camara.leg.br\/legin\/fed\/decret\/1960-1969\/decreto-49355-28-novembro-1960-388761-publicacaooriginal-1-pe.html\">&#8211;<\/a><a href=\"https:\/\/www2.camara.leg.br\/legin\/fed\/decret\/1960-1969\/decreto-49355-28-novembro-1960-388761-publicacaooriginal-1-pe.html\">1<\/a><a href=\"https:\/\/www2.camara.leg.br\/legin\/fed\/decret\/1960-1969\/decreto-49355-28-novembro-1960-388761-publicacaooriginal-1-pe.html\">&#8211;<\/a><a href=\"https:\/\/www2.camara.leg.br\/legin\/fed\/decret\/1960-1969\/decreto-49355-28-novembro-1960-388761-publicacaooriginal-1-pe.html\">pe.htm<\/a><a href=\"https:\/\/www2.camara.leg.br\/legin\/fed\/decret\/1960-1969\/decreto-49355-28-novembro-1960-388761-publicacaooriginal-1-pe.html\">l<\/a><a href=\"https:\/\/www2.camara.leg.br\/legin\/fed\/decret\/1960-1969\/decreto-49355-28-novembro-1960-388761-publicacaooriginal-1-pe.html\"> <\/a><a href=\"https:\/\/www2.camara.leg.br\/legin\/fed\/decret\/1960-1969\/decreto-49355-28-novembro-1960-388761-publicacaooriginal-1-pe.html\">&nbsp;<\/a>&nbsp;<\/p>\n\n\n\n<p><a id=\"_ftn2\" href=\"#_ftnref2\">[2]<\/a> Conforme Decreto n. 12.839 de 12 de janeiro de 1918 \u2013 o ent\u00e3o presidente, Wenceslau Braz Pereira Gomes \u2013 resolveu desdobrar a 15\u00aa cadeira (legisla\u00e7\u00e3o, escritura\u00e7\u00e3o, estat\u00edstica e cr\u00e9dito agr\u00edcolas) da ent\u00e3o Escola Superior de Agricultura e Medicina Veterin\u00e1ria nas seguintes: 15\u00aa Direito e legisla\u00e7\u00e3o rural e 24\u00aa Economia e estat\u00edstica rural. Essa resolu\u00e7\u00e3o estava amparada na autoriza\u00e7\u00e3o contida no art. 97, al\u00ednea XXXIII da lei n. 3.454 de 6 de janeiro de 1918. Ambas as cadeiras criadas, foram colocadas no 4\u00ba ano do curso de engenheiros agr\u00f4nomos.<\/p>\n\n\n\n<p><\/p>\n","protected":false},"excerpt":{"rendered":"<p>A Universidade Federal Rural do Rio de Janeiro (UFRRJ) tem sua origem no documento que criou a Escola Superior de Agricultura e [&hellip;]<\/p>\n","protected":false},"author":1,"featured_media":0,"parent":0,"menu_order":0,"comment_status":"closed","ping_status":"closed","template":"","meta":{"_acf_changed":false,"footnotes":""},"class_list":["post-13","page","type-page","status-publish","hentry"],"acf":[],"yoast_head":"<!-- This site is optimized with the Yoast SEO plugin v23.4 - https:\/\/yoast.com\/wordpress\/plugins\/seo\/ -->\n<title>Apresenta\u00e7\u00e3o - Departamento Ci\u00eancias Econ\u00f4micas<\/title>\n<meta name=\"robots\" content=\"index, follow, max-snippet:-1, max-image-preview:large, max-video-preview:-1\" \/>\n<link rel=\"canonical\" href=\"https:\/\/departamentos.ufrrj.br\/dce\/apresentacao\/\" \/>\n<meta property=\"og:locale\" content=\"pt_BR\" \/>\n<meta property=\"og:type\" content=\"article\" \/>\n<meta property=\"og:title\" content=\"Apresenta\u00e7\u00e3o - Departamento Ci\u00eancias Econ\u00f4micas\" \/>\n<meta property=\"og:description\" content=\"A Universidade Federal Rural do Rio de Janeiro (UFRRJ) tem sua origem no documento que criou a Escola Superior de Agricultura e [&hellip;]\" \/>\n<meta property=\"og:url\" content=\"https:\/\/departamentos.ufrrj.br\/dce\/apresentacao\/\" \/>\n<meta property=\"og:site_name\" content=\"Departamento Ci\u00eancias Econ\u00f4micas\" \/>\n<meta property=\"article:modified_time\" content=\"2024-09-30T17:31:33+00:00\" \/>\n<meta name=\"twitter:card\" content=\"summary_large_image\" \/>\n<meta name=\"twitter:label1\" content=\"Est. tempo de leitura\" \/>\n\t<meta name=\"twitter:data1\" content=\"7 minutos\" \/>\n<script type=\"application\/ld+json\" class=\"yoast-schema-graph\">{\"@context\":\"https:\/\/schema.org\",\"@graph\":[{\"@type\":\"WebPage\",\"@id\":\"https:\/\/departamentos.ufrrj.br\/dce\/apresentacao\/\",\"url\":\"https:\/\/departamentos.ufrrj.br\/dce\/apresentacao\/\",\"name\":\"Apresenta\u00e7\u00e3o - Departamento Ci\u00eancias Econ\u00f4micas\",\"isPartOf\":{\"@id\":\"https:\/\/departamentos.ufrrj.br\/dce\/#website\"},\"datePublished\":\"2024-09-13T19:03:30+00:00\",\"dateModified\":\"2024-09-30T17:31:33+00:00\",\"breadcrumb\":{\"@id\":\"https:\/\/departamentos.ufrrj.br\/dce\/apresentacao\/#breadcrumb\"},\"inLanguage\":\"pt-BR\",\"potentialAction\":[{\"@type\":\"ReadAction\",\"target\":[\"https:\/\/departamentos.ufrrj.br\/dce\/apresentacao\/\"]}]},{\"@type\":\"BreadcrumbList\",\"@id\":\"https:\/\/departamentos.ufrrj.br\/dce\/apresentacao\/#breadcrumb\",\"itemListElement\":[{\"@type\":\"ListItem\",\"position\":1,\"name\":\"In\u00edcio\",\"item\":\"https:\/\/departamentos.ufrrj.br\/dce\/\"},{\"@type\":\"ListItem\",\"position\":2,\"name\":\"Apresenta\u00e7\u00e3o\"}]},{\"@type\":\"WebSite\",\"@id\":\"https:\/\/departamentos.ufrrj.br\/dce\/#website\",\"url\":\"https:\/\/departamentos.ufrrj.br\/dce\/\",\"name\":\"Departamento Ci\u00eancias Econ\u00f4micas\",\"description\":\"\",\"potentialAction\":[{\"@type\":\"SearchAction\",\"target\":{\"@type\":\"EntryPoint\",\"urlTemplate\":\"https:\/\/departamentos.ufrrj.br\/dce\/?s={search_term_string}\"},\"query-input\":{\"@type\":\"PropertyValueSpecification\",\"valueRequired\":true,\"valueName\":\"search_term_string\"}}],\"inLanguage\":\"pt-BR\"}]}<\/script>\n<!-- \/ Yoast SEO plugin. -->","yoast_head_json":{"title":"Apresenta\u00e7\u00e3o - Departamento Ci\u00eancias Econ\u00f4micas","robots":{"index":"index","follow":"follow","max-snippet":"max-snippet:-1","max-image-preview":"max-image-preview:large","max-video-preview":"max-video-preview:-1"},"canonical":"https:\/\/departamentos.ufrrj.br\/dce\/apresentacao\/","og_locale":"pt_BR","og_type":"article","og_title":"Apresenta\u00e7\u00e3o - Departamento Ci\u00eancias Econ\u00f4micas","og_description":"A Universidade Federal Rural do Rio de Janeiro (UFRRJ) tem sua origem no documento que criou a Escola Superior de Agricultura e [&hellip;]","og_url":"https:\/\/departamentos.ufrrj.br\/dce\/apresentacao\/","og_site_name":"Departamento Ci\u00eancias Econ\u00f4micas","article_modified_time":"2024-09-30T17:31:33+00:00","twitter_card":"summary_large_image","twitter_misc":{"Est. tempo de leitura":"7 minutos"},"schema":{"@context":"https:\/\/schema.org","@graph":[{"@type":"WebPage","@id":"https:\/\/departamentos.ufrrj.br\/dce\/apresentacao\/","url":"https:\/\/departamentos.ufrrj.br\/dce\/apresentacao\/","name":"Apresenta\u00e7\u00e3o - Departamento Ci\u00eancias Econ\u00f4micas","isPartOf":{"@id":"https:\/\/departamentos.ufrrj.br\/dce\/#website"},"datePublished":"2024-09-13T19:03:30+00:00","dateModified":"2024-09-30T17:31:33+00:00","breadcrumb":{"@id":"https:\/\/departamentos.ufrrj.br\/dce\/apresentacao\/#breadcrumb"},"inLanguage":"pt-BR","potentialAction":[{"@type":"ReadAction","target":["https:\/\/departamentos.ufrrj.br\/dce\/apresentacao\/"]}]},{"@type":"BreadcrumbList","@id":"https:\/\/departamentos.ufrrj.br\/dce\/apresentacao\/#breadcrumb","itemListElement":[{"@type":"ListItem","position":1,"name":"In\u00edcio","item":"https:\/\/departamentos.ufrrj.br\/dce\/"},{"@type":"ListItem","position":2,"name":"Apresenta\u00e7\u00e3o"}]},{"@type":"WebSite","@id":"https:\/\/departamentos.ufrrj.br\/dce\/#website","url":"https:\/\/departamentos.ufrrj.br\/dce\/","name":"Departamento Ci\u00eancias Econ\u00f4micas","description":"","potentialAction":[{"@type":"SearchAction","target":{"@type":"EntryPoint","urlTemplate":"https:\/\/departamentos.ufrrj.br\/dce\/?s={search_term_string}"},"query-input":{"@type":"PropertyValueSpecification","valueRequired":true,"valueName":"search_term_string"}}],"inLanguage":"pt-BR"}]}},"_links":{"self":[{"href":"https:\/\/departamentos.ufrrj.br\/dce\/wp-json\/wp\/v2\/pages\/13"}],"collection":[{"href":"https:\/\/departamentos.ufrrj.br\/dce\/wp-json\/wp\/v2\/pages"}],"about":[{"href":"https:\/\/departamentos.ufrrj.br\/dce\/wp-json\/wp\/v2\/types\/page"}],"author":[{"embeddable":true,"href":"https:\/\/departamentos.ufrrj.br\/dce\/wp-json\/wp\/v2\/users\/1"}],"replies":[{"embeddable":true,"href":"https:\/\/departamentos.ufrrj.br\/dce\/wp-json\/wp\/v2\/comments?post=13"}],"version-history":[{"count":3,"href":"https:\/\/departamentos.ufrrj.br\/dce\/wp-json\/wp\/v2\/pages\/13\/revisions"}],"predecessor-version":[{"id":34,"href":"https:\/\/departamentos.ufrrj.br\/dce\/wp-json\/wp\/v2\/pages\/13\/revisions\/34"}],"wp:attachment":[{"href":"https:\/\/departamentos.ufrrj.br\/dce\/wp-json\/wp\/v2\/media?parent=13"}],"curies":[{"name":"wp","href":"https:\/\/api.w.org\/{rel}","templated":true}]}}