{"id":35,"date":"2024-09-30T14:32:33","date_gmt":"2024-09-30T17:32:33","guid":{"rendered":"https:\/\/departamentos.ufrrj.br\/dce\/?page_id=35"},"modified":"2026-03-19T20:06:55","modified_gmt":"2026-03-19T23:06:55","slug":"projetos-de-pesquisa","status":"publish","type":"page","link":"https:\/\/departamentos.ufrrj.br\/dce\/projetos-de-pesquisa\/","title":{"rendered":"Projetos de Extens\u00e3o"},"content":{"rendered":"\n<p>Os projetos de extens\u00e3o em andamento sob a coordena\u00e7\u00e3o ou participa\u00e7\u00e3o de docentes do Departamento de Ci\u00eancias Econ\u00f4micas (DeCE) possuem direta rela\u00e7\u00e3o com o perfil desejado do\/a egresso\/a formado\/a no Curso e observam a indissociabilidade ensino, pesquisa e extens\u00e3o de forma a contribuir com a forma\u00e7\u00e3o de excel\u00eancia.<\/p>\n\n\n\n<p>Para saber mais, acesse os posts.<\/p>\n\n\n\n<p><strong>2024 &#8211; Atual<\/strong><\/p>\n\n\n\n<p>PESCANTAR<\/p>\n\n\n\n<p>Descri\u00e7\u00e3o: Com a retomada da pauta progressista e o reconhecimento da import\u00e2ncia da atividade pesqueira no Brasil, atrav\u00e9s da recria\u00e7\u00e3o do Minist\u00e9rio da Pesca e Aquicultura, toma-se como necess\u00e1ria a revis\u00e3o das pol\u00edticas p\u00fablicas e suas aplica\u00e7\u00f5es junto aos diferentes setores e grupos de interesse do mercado, sociedade civil e setor p\u00fablico inclu\u00eddos ou transversalmente envolvidos na pol\u00edtica nacional pesqueira e aqu\u00edcola, criada pela Lei n 11.959, de 29 de junho de 2009, denominada Pol\u00edtica Nacional de Desenvolvimento Sustent\u00e1vel da Aquicultura e Pesca &#8211; PNDSAP. O objetivo da PNDSAP, em s\u00edntese, era o de promover o ordenamento, o fomento e a fiscaliza\u00e7\u00e3o da atividade pesqueira, aliando o uso sustent\u00e1vel \u00e0 conserva\u00e7\u00e3o dos recursos pesqueiros e ecossistemas aqu\u00e1ticos, bem como a otimiza\u00e7\u00e3o dos bene#1048880;cios econ\u00f4micos decorrentes da atividade (art. 1o, Lei 11.959\/2009). As a\u00e7\u00f5es da pol\u00edtica nacional direcionadas \u00e0 pesca artesanal englobam uma s\u00e9rie de compet\u00eancias espec\u00edficas, como o reconhecimento das peculiaridades e as necessidades das pescadoras e pescadores artesanais, de subsist\u00eancia e da aquicultura familiar, em rela\u00e7\u00e3o ao ordenamento pesqueiro, de modo a garantir sua perman\u00eancia e sua continuidade (art. 3, par\u00e1grafo 1, Lei 11.959\/2009). J\u00e1 a Pol\u00edtica Nacional de Desenvolvimento Sustent\u00e1vel dos Povos e Comunidades Tradicionais &#8211; PNPCT, institu\u00edda pelo Decreto no 6.040, de 2007, tem como principal objetivo promover o desenvolvimento sustent\u00e1vel dos Povos e Comunidades Tradicionais, com \u00eanfase no reconhecimento, fortalecimento e garantia dos seus direitos territoriais, sociais, ambientais, econ\u00f4micos e culturais, com respeito e valoriza\u00e7\u00e3o \u00e0 sua identidade, suas formas de organiza\u00e7\u00e3o e suas institui\u00e7\u00f5es. A PNPCT em todos os seus ar#1048991;gos, incisos e par\u00e1grafos indica compet\u00eancias e deveres do poder p\u00fablico nestes processos, por\u00e9m, limita a cria\u00e7\u00e3o de instrumentos aos Planos de Desenvolvimento Sustent\u00e1vel dos Povos e Comunidades Tradicionais, e n\u00e3o determina uma entidade federal espec\u00edfica como respons\u00e1vel pela sua implementa\u00e7\u00e3o, indicando que estes planos dever\u00e3o ocorrer de forma intersetorial, integrada, coordenada e sistem\u00e1tica. Pautando-se por estes e outros dispositivos legais anteriores, o Governo Federal institui o Programa Povos da Pesca Artesanal &#8211; PPPA, pelo Decreto 11.626, de 2 de agosto de 2023, com a finalidade de elaborar e implementar pol\u00edticas p\u00fablicas e estabelecer agenda de a\u00e7\u00f5es priorit\u00e1rias, constru\u00edda de forma participativa, destinadas \u00e0 defesa, \u00e0 promo\u00e7\u00e3o e ao fortalecimento das comunidades pesqueiras artesanais no territ\u00f3rio nacional (art. 1, Decreto 11.626\/2023), atendendo assim a necessidade de qualifica\u00e7\u00e3o, integra\u00e7\u00e3o e efetiva\u00e7\u00e3o dos dispositivos e instrumentos, necess\u00e1rios ao atendimento de pol\u00edticas p\u00fablicas espec\u00edficas para as comunidades que realizam a pesca artesanal..<br>Situa\u00e7\u00e3o: Em andamento; Natureza: Extens\u00e3o.<br>Alunos envolvidos: Gradua\u00e7\u00e3o: (7) \/ Especializa\u00e7\u00e3o: (5) \/ Doutorado: (4) .<\/p>\n\n\n\n<p>Integrantes: Lamounier Erthal Villela &#8211; Integrante \/ Edmir Amanajas Celestino &#8211; Integrante \/ Alexandre Jeronimo de Freitas &#8211; Integrante \/ Leonardo Rocha Vidal Ramos &#8211; Coordenador \/ FABIANA DE CARVALHO DIAS ARAUJO &#8211; Integrante \/ RAFAEL DE ALMEIDA TUBINO &#8211; Integrante \/ GESILENE MENDONCA DE OLIVEIRA &#8211; Integrante \/ BENJAMIN CARVALHO TEIXEIRA PINTO &#8211; Integrante \/ ROBLEDO MENDES DA SILVA &#8211; Integrante.<br>Financiador(es): Minist\u00e9rio da Pesca e Aquicultura &#8211; Aux\u00edlio financeiro.<a><\/a><\/p>\n\n\n\n<p><strong>2024 &#8211; Atual<\/strong><\/p>\n\n\n\n<p>Projeto de Execu\u00e7\u00e3o Consultoria Territorial PEPEDT e MDA<\/p>\n\n\n\n<p>Descri\u00e7\u00e3o: O desenvolvimento territorial rural sustent\u00e1vel \u00e9 ponto fundamental para a elabora\u00e7\u00e3o e implementa\u00e7\u00e3o das pol\u00edticas p\u00fablicas da agenda do governo federal brasileiro, sob atua\u00e7\u00e3o do Minist\u00e9rio do Desenvolvimento Agr\u00e1rio e Agricultura Familiar e de suas superintend\u00eancias nos estados brasileiros. No Estado do Rio de Janeiro, a superintend\u00eancia vem realizando uma s\u00e9rie de a\u00e7\u00f5es que visam a amplifica\u00e7\u00e3o das rela\u00e7\u00f5es de articula\u00e7\u00e3o territorial, tendo a necessidade constante da gera\u00e7\u00e3o de dados confi\u00e1veis que ir\u00e3o embasar a elabora\u00e7\u00e3o e aplica\u00e7\u00e3o das pol\u00edticas p\u00fablicas. O Programa de Ensino, Pesquisa e Extens\u00e3o em Desenvolvimento Territorial e Pol\u00edticas P\u00fablicas (PEPEDT) da UFRRJ realiza, h\u00e1 pelo menos 10 anos, a\u00e7\u00f5es que incentivam o desenvolvimento rural na articula\u00e7\u00e3o do Colegiado Territorial Rural da Ba\u00eda da Ilha Grande e em outros territ\u00f3rios no Estado do RJ, e na gera\u00e7\u00e3o de pesquisas cient\u00edficas, produtos t\u00e9cnicos e tecnol\u00f3gicos, a partir da atua\u00e7\u00e3o da extens\u00e3o universit\u00e1ria. Sendo assim, este projeto tem o objetivo de estabelecer uma a\u00e7\u00e3o conjunta do PEPEDT e do MDA, a partir da sele\u00e7\u00e3o de um bolsista consultor territorial pelo per\u00edodo de dois anos, para auxiliar nos processos de obten\u00e7\u00e3o e interpreta\u00e7\u00e3o de dados, e na articula\u00e7\u00e3o territorial no Estado do Rio de Janeiro, para auxiliar na promo\u00e7\u00e3o do desenvolvimento rural..<br>Situa\u00e7\u00e3o: Em andamento; Natureza: Extens\u00e3o.<br>Alunos envolvidos: Doutorado: (1) .<\/p>\n\n\n\n<p>Integrantes: Lamounier Erthal Villela &#8211; Coordenador \/ Nicholas Augusto Mendes da Rocha Lima &#8211; Integrante \/ Rubia Cristina Wegner &#8211; Integrante.<br>Financiador(es): Minist\u00e9rio do Desenvolvimento Agr\u00e1rio &#8211; Aux\u00edlio financeiro.<a><\/a><\/p>\n\n\n\n<p><strong>2022 &#8211; 2023<\/strong><\/p>\n\n\n\n<p>PEPEDT-UFRRJ: ENSINO, PESQUISA E EXTENS\u00c3O NO DESENVOLVIMENTO TERRITORIAL SUSTENT\u00c1VEL DO TERRIT\u00d3RIO DA BA\u00cdA DA ILHA GRANDE-RJ<\/p>\n\n\n\n<p>Descri\u00e7\u00e3o: Articula\u00e7\u00e3o do Programa de Ensino, Pesquisa e Extens\u00e3o em Desenvolvimento Territorial e Pol\u00edticas, no que concerne a organiza\u00e7\u00e3o de in\u00fameras atividades de extens\u00e3o em \u00e2mbito regional, destacando-se os munic\u00edpios da Ba\u00eda da Ilha Grande (Serop\u00e9dica, Itagua\u00ed, Mangaratiba, Rio Claro, Angra dos Reis e Paraty), e o munic\u00edpio de Maric\u00e1-RJ..<br>Situa\u00e7\u00e3o: Conclu\u00eddo; Natureza: Extens\u00e3o.<\/p>\n\n\n\n<p>Integrantes: Lamounier Erthal Villela &#8211; Coordenador \/ M\u00e1rcia Costa Alves da Silva &#8211; Integrante \/ Marcio de Albuquerque Vianna &#8211; Integrante \/ Patrick Maurice Maury &#8211; Integrante \/ Nicholas Augusto Mendes da Rocha Lima &#8211; Integrante \/ Edmir Amanajas Celestino &#8211; Integrante \/ Rafaela Rosa Chaves Cardoso &#8211; Integrante \/ Isabella Dias de Carvalho &#8211; Integrante \/ Andreia Pereira Ramos &#8211; Integrante \/ Iranilde de Oliveira Silva &#8211; Integrante.<br><a><\/a><\/p>\n\n\n\n<p><strong>2022 &#8211; Atual<\/strong><\/p>\n\n\n\n<p>Economia do Mar como um Vetor de Desenvolvimento Regional (CEMAR) Forma\u00e7\u00e3o de um Centro de Estudos da Economia do Mar para o Rio de Janeiro<\/p>\n\n\n\n<p>Descri\u00e7\u00e3o: O desenvolvimento regional \u00e9 um dos temas mais importantes para a economia fluminense. O Estado do Rio de Janeiro necessita elaborar uma estrat\u00e9gia econ\u00f4mica que lhe permita superar o cen\u00e1rio de estagna\u00e7\u00e3o dos \u00faltimos anos. A economia do Mar pode ser um vetor desta estrat\u00e9gia. Este projeto busca criar um centro de estudos dedicado a esta tem\u00e1tica. A necessidade de se desenvolver outras \u00e1reas da economia fluminense exige que se fa\u00e7a um reconhecimento melhor das vantagens apresentadas pelo seu territ\u00f3rio. O mar nesse sentido aparece como uma voca\u00e7\u00e3o natural do estado. Projetos de investimento que envolvam atividades econ\u00f4micas ligadas ao oceano podem se tornar um dos pilares da recupera\u00e7\u00e3o econ\u00f4mica do estado do Rio de Janeiro. Por\u00e9m os projetos devem ser precedidos de estudos econ\u00f4micos que consigam mapear todos os setores envolvidos para que as oportunidades para o setor privado fiquem mais claras, reduzindo a incerteza dos investimentos. Mas tamb\u00e9m devem ajudar o setor p\u00fablico em seu planejamento regional de forma a escolher de forma mais eficiente as pol\u00edticas p\u00fablicas a serem adotadas. Este estudo pretende ser um elemento chave neste processo de revitaliza\u00e7\u00e3o da economia fluminense a partir do uso sustent\u00e1vel do oceano. Para isto ele apresentar\u00e1 a primeira estimativa econ\u00f4mica para a Economia do Mar no estado do Rio de Janeiro..<br>Situa\u00e7\u00e3o: Em andamento; Natureza: Extens\u00e3o.<br>Alunos envolvidos: Gradua\u00e7\u00e3o: (6) \/ Mestrado acad\u00eamico: (1) \/ Doutorado: (3) .<\/p>\n\n\n\n<p>Integrantes: Lamounier Erthal Villela &#8211; Integrante \/ Alexandre Jeronimo de Freitas &#8211; Coordenador \/ Let\u00edcia Silva de Oliveira &#8211; Integrante \/ Marcelo Pereira Fernandes &#8211; Integrante \/ Isabela Rocha Gracindo Marques &#8211; Integrante \/ Anna Julia dos Santos Ribeiro &#8211; Integrante \/ Dayene Victoria Rodrigues da Silva &#8211; Integrante \/ Gabriel Cardoso Freire &#8211; Integrante \/ Pedro Henrique de Carvalho Castro &#8211; Integrante \/ Rayssa Stofeles &#8211; Integrante.<br>Financiador(es): Funda\u00e7\u00e3o Carlos Chagas Filho de Amparo \u00e0 Pesquisa do Estado do RJ &#8211; Aux\u00edlio financeiro.<\/p>\n\n\n\n<p><strong>2021 &#8211; Atual<\/strong><\/p>\n\n\n\n<p>Boletim Conex\u00e3o Sinolatina<\/p>\n\n\n\n<p>Descri\u00e7\u00e3o: O boletim ?Conex\u00e3o SinoLatina? tem o objetivo de fazer breves an\u00e1lises sobre as rela\u00e7\u00f5es econ\u00f4micas da China com a Am\u00e9rica Latina e Caribe em diversos temas, compreendendo a relev\u00e2ncia da crescente rela\u00e7\u00e3o de coopera\u00e7\u00e3o entre as partes. A China como pot\u00eancia global com influ\u00eancia crescente na Am\u00e9rica Latina e Caribe \u00e9 um aspecto das rela\u00e7\u00f5es econ\u00f4micas internacionais cada vez mais desafiador. Nos \u00faltimos anos ocorreu uma entrada maci\u00e7a de investimentos de empresas chinesas em pa\u00edses da regi\u00e3o, com destaque para a Venezuela, e partir de 2010,para o Brasil. Em particular, com a Venezuela, assim como na Argentina, a rela\u00e7\u00e3o econ\u00f4mica entre os dois pa\u00edses ocorreu por sistema alternativo de pagamentos. O Banco Popular da China (PBOC) vem desenvolvendo Systems (CIPS) dever\u00e1 servir de impulso \u00e0 internacionaliza\u00e7\u00e3o do renmimbi. A primeira fase do sistema ocorreu em outubro de 2015 com a participa\u00e7\u00e3o de 19 bancos comerciais na China e 176 participantes indiretos de mais de 50 pa\u00edses. A internacionaliza\u00e7\u00e3o da moeda chinesa \u00e9 uma quest\u00e3o central que ganhar\u00e1 contornos importantes nos pr\u00f3ximos anos, inclusive na Am\u00e9rica Latina e Caribe com repercuss\u00f5es tamb\u00e9m na geopol\u00edtica da regi\u00e3o que precisam ser observados. O Boletim, neste sentido, cumpre o papel de acompanha a conjuntura econ\u00f4mica na china e Am\u00e9rica Latina e Caribe afim de identificar os impactos no sistema internacional sobre esta rela\u00e7\u00e3o. Para isso o boletim ter\u00e1 uma publica\u00e7\u00e3o mensal a ser divulgado nas redes sociais e por e-mail no formato pdf.<br>Situa\u00e7\u00e3o: Em andamento; Natureza: Extens\u00e3o.<br>Alunos envolvidos: Gradua\u00e7\u00e3o: (3) .<\/p>\n\n\n\n<p>Integrantes: Marcelo Pereira Fernandes &#8211; Coordenador \/ R\u00fabia Cristina Wegner &#8211; Integrante \/ Alexandre Jeronimo de Freitas &#8211; Integrante.<\/p>\n\n\n\n<p><strong>2024 &#8211; 2025<\/strong><\/p>\n\n\n\n<p>Custo Do Tratamento De Algumas Doen\u00e7as Em Pacientes Obesos\/Sobrepeso Na Baixada Fluminense Do RJ.<\/p>\n\n\n\n<p>Descri\u00e7\u00e3o: A obesidade \u00e9 uma doen\u00e7a de alcance e preocupa\u00e7\u00e3o mundial, podendo ser respons\u00e1vel pelo desenvolvimento de v\u00e1rias outras comorbidades que levam ao agravamento da sa\u00fade gerando at\u00e9 perda da qualidade de vida. Uma situa\u00e7\u00e3o epid\u00eamica que atinge majoritariamente pa\u00edses desenvolvidos, mas tem avan\u00e7ado em pa\u00edses emergentes, como no Brasil. Sabendo que o or\u00e7amento para sa\u00fade no Brasil \u00e9 limitado e que a obesidade se desenvolve de forma crescente, torna-se uma problem\u00e1tica o tratamento desta doen\u00e7a, gerando enormes custos econ\u00f4micos e sociais. O presente trabalho faz um levantamento dos custos com tratamento de doen\u00e7as cr\u00f4nicas prevalentes, associadas \u00e0 obesidade, na popula\u00e7\u00e3o atendida na aten\u00e7\u00e3o b\u00e1sica de munic\u00edpios da Baixada Fluminense, regi\u00e3o do Estado do Rio de Janeiro, nos \u00faltimos anos, e aponta o quanto foi gasto com o tratamento desta popula\u00e7\u00e3o, permitindo estimar o quanto a preven\u00e7\u00e3o do sobrepeso e da obesidade podem reduzir os gastos de sa\u00fade com os tratamentos das doen\u00e7as cr\u00f4nicas estudadas, permitindo propor pol\u00edticas p\u00fablicas interdisciplinares que visem o bem-estar econ\u00f4mico e um aumento da qualidade de vida da popula\u00e7\u00e3o fluminense..<br>Situa\u00e7\u00e3o: Conclu\u00eddo; Natureza: Extens\u00e3o.<br>Alunos envolvidos: Gradua\u00e7\u00e3o: (4) .<\/p>\n\n\n\n<p>Integrantes: Luciana da Silva Ferreira &#8211; Coordenador \/ Beatriz Cavalcante de Oliveira Barros &#8211; Integrante.<br><a><\/a><\/p>\n\n\n\n<p><strong>2023 &#8211; Atual<\/strong><\/p>\n\n\n\n<p>Boletim das Universidades Federais<\/p>\n\n\n\n<p>Descri\u00e7\u00e3o: O Boletim das Universidades Federais \u00e9 um produto dos esfor\u00e7os de pesquisa e atua\u00e7\u00e3o do Observat\u00f3rio de Pol\u00edtica Macroecon\u00f4mica da UFRRJ. Trata-se de um relat\u00f3rio trimestral que busca apresentar a situa\u00e7\u00e3o or\u00e7ament\u00e1ria e financeira das IFEs que atuam no pa\u00eds, com dados regionalizados contendo descri\u00e7\u00e3o, explica\u00e7\u00e3o e divulga\u00e7\u00e3o das principais rubricas que comp\u00f5em o or\u00e7amento das IFEs. Al\u00e9m disso, o Boletim tratar\u00e1 de informa\u00e7\u00f5es quantitativas e qualitativas das IFEs como n\u00famero de bolsistas, taxa de sucesso, etc. O boletim ser\u00e1 eletr\u00f4nico de modo a ampliar o alcance do p\u00fablico-alvo, permitindo, assim, que a comunidade acad\u00eamica seja elucidada a respeito da situa\u00e7\u00e3o or\u00e7ament\u00e1ria das Universidades p\u00fablicas federais..<br>Situa\u00e7\u00e3o: Em andamento; Natureza: Extens\u00e3o.<br>Alunos envolvidos: Gradua\u00e7\u00e3o: (6) \/ Mestrado acad\u00eamico: (1) \/ Doutorado: (1) .<\/p>\n\n\n\n<p>Integrantes: Luciana da Silva Ferreira &#8211; Coordenador \/ Roberto de Souza Rodrigues &#8211; Integrante \/ Leticia Arag\u00e3o de Souza In\u00e1cio &#8211; Integrante.<br><a><\/a><\/p>\n\n\n\n<p><strong>2022 &#8211; Atual<\/strong><\/p>\n\n\n\n<p>Observat\u00f3rio de Pol\u00edtica Macroecon\u00f4mica<\/p>\n\n\n\n<p>Descri\u00e7\u00e3o: O Observat\u00f3rio tem como objetivo o fomento de discuss\u00f5es do \u00e2mbito macroecon\u00f4mico \u00e0 luz da Teoria Monet\u00e1ria Moderna e das Finan\u00e7as Funcionais. Objetiva propor an\u00e1lises espec\u00edficas sobre a pol\u00edtica macroecon\u00f4mica..<br>Situa\u00e7\u00e3o: Em andamento; Natureza: Extens\u00e3o.<br>Alunos envolvidos: Gradua\u00e7\u00e3o: (6) .<\/p>\n\n\n\n<p>Integrantes: Luciana da Silva Ferreira &#8211; Coordenador \/ Roberto de Souza Rodrigues &#8211; Integrante.<br><a><\/a><\/p>\n\n\n\n<p><strong>2021 &#8211; Atual<\/strong><\/p>\n\n\n\n<p>Grupo de Estudos de Finan\u00e7as Funcionais e MMT<\/p>\n\n\n\n<p>Descri\u00e7\u00e3o: Grupo de estudos pretende explorar a Teoria Monet\u00e1ria Moderna e as Finan\u00e7as Funcionais a fim de promover o conhecimento das teorias mencionadas nos atuais debates macroecon\u00f4micos e monet\u00e1rios. Pretende propor estudos de caso e de cen\u00e1rios macroecon\u00f4micos que permitam avaliar o comportamento dos agregados e indicadores econ\u00f4micos \u00e0 luz dessas teorias; Avaliar as pol\u00edticas econ\u00f4micas adotadas pelos \u00faltimos governos; Conhecer as limita\u00e7\u00f5es or\u00e7ament\u00e1rias do governo impostas por legisla\u00e7\u00f5es inspiradas no neoliberalismo econ\u00f4mico.<br>Situa\u00e7\u00e3o: Em andamento; Natureza: Extens\u00e3o.<br>Alunos envolvidos: Gradua\u00e7\u00e3o: (8) .<\/p>\n\n\n\n<p>Integrantes: Luciana da Silva Ferreira &#8211; Coordenador.<\/p>\n\n\n\n<p><strong>2024 &#8211; Atual<\/strong><\/p>\n\n\n\n<p>Economia nas Escolas<\/p>\n\n\n\n<p>Situa\u00e7\u00e3o: Em andamento; Natureza: Extens\u00e3o.<\/p>\n\n\n\n<p>Integrantes: Rubia Cristina Wegner &#8211; Coordenador \/ Marcelo Pereira Fernandes &#8211; Integrante \/ Rochane Tavares de Oliveira &#8211; Integrante \/ Daniel Alves Concei\u00e7\u00e3o &#8211; Integrante \/ Gabriel Nolasco Flor da Silva &#8211; Integrante \/ FLAVIO NOGUEIRA LESSA &#8211; Integrante \/ MATHEUS ALBERTO DE MENDON\u00c7A CARNEIRO &#8211; Integrante \/ MATEUS SANTANA TEODORO &#8211; Integrante \/ MELQUISEDEC NESTOR &#8211; Integrante \/ FILIPE COSTA DA SILVA &#8211; Integrante \/ RAQUEL NOBRE GONZALEZ FERNANDEZ &#8211; Integrante.<br><a><\/a><\/p>\n\n\n\n<p><strong>2024 &#8211; Atual<\/strong><\/p>\n\n\n\n<p>Para entender o econom\u00eas do notici\u00e1rio<\/p>\n\n\n\n<p>Situa\u00e7\u00e3o: Em andamento; Natureza: Extens\u00e3o.<\/p>\n\n\n\n<p>Integrantes: Rubia Cristina Wegner &#8211; Coordenador \/ Antonio Jos\u00e9 Alves J\u00fanior &#8211; Integrante \/ Marcelo Pereira Fernandes &#8211; Integrante \/ Alexandre Jeronimo de Freitas &#8211; Integrante \/ Miguel Henriques de Carvalho &#8211; Integrante \/ JOAO VITOR DOS SANTOS MARTINS &#8211; Integrante \/ FELIPE SANTOS MACHADO BOTELHO &#8211; Integrante \/ VICTOR MENDES ASSUMP\u00c7\u00c3O &#8211; Integrante \/ PEDRO FRANKLIN PINHEIRO DA SILVA &#8211; Integrante \/ ALVARO AUGUSTO VELOSO THEODORO &#8211; Integrante \/ CAIO MARCELO CAMPOS FEIJO CARDOSO &#8211; Integrante \/ DANILO PONTES DEBARBA &#8211; Integrante \/ VICTORIA FERNANDES DE CARVALHO &#8211; Integrante \/ JEAN GARCIA DA SILVA &#8211; Integrante \/ ESTHEFANY SILVA OLIVEIRA &#8211; Integrante \/ DANIEL CASCIMIRO GOMES &#8211; Integrante \/ FLAVIO NOGUEIRA LESSA &#8211; Integrante.<\/p>\n","protected":false},"excerpt":{"rendered":"<p>Os projetos de extens\u00e3o em andamento sob a coordena\u00e7\u00e3o ou participa\u00e7\u00e3o de docentes do Departamento de Ci\u00eancias Econ\u00f4micas (DeCE) possuem direta rela\u00e7\u00e3o [&hellip;]<\/p>\n","protected":false},"author":3,"featured_media":0,"parent":0,"menu_order":0,"comment_status":"closed","ping_status":"closed","template":"","meta":{"_acf_changed":false,"footnotes":""},"class_list":["post-35","page","type-page","status-publish","hentry"],"acf":[],"yoast_head":"<!-- This site is optimized with the Yoast SEO plugin v23.4 - https:\/\/yoast.com\/wordpress\/plugins\/seo\/ -->\n<title>Projetos de Extens\u00e3o - Departamento Ci\u00eancias Econ\u00f4micas<\/title>\n<meta name=\"robots\" content=\"index, follow, max-snippet:-1, max-image-preview:large, max-video-preview:-1\" \/>\n<link rel=\"canonical\" href=\"https:\/\/departamentos.ufrrj.br\/dce\/projetos-de-pesquisa\/\" \/>\n<meta property=\"og:locale\" content=\"pt_BR\" \/>\n<meta property=\"og:type\" content=\"article\" \/>\n<meta property=\"og:title\" content=\"Projetos de Extens\u00e3o - Departamento Ci\u00eancias Econ\u00f4micas\" \/>\n<meta property=\"og:description\" content=\"Os projetos de extens\u00e3o em andamento sob a coordena\u00e7\u00e3o ou participa\u00e7\u00e3o de docentes do Departamento de Ci\u00eancias Econ\u00f4micas (DeCE) possuem direta rela\u00e7\u00e3o [&hellip;]\" \/>\n<meta property=\"og:url\" content=\"https:\/\/departamentos.ufrrj.br\/dce\/projetos-de-pesquisa\/\" \/>\n<meta property=\"og:site_name\" content=\"Departamento Ci\u00eancias Econ\u00f4micas\" \/>\n<meta property=\"article:modified_time\" content=\"2026-03-19T23:06:55+00:00\" \/>\n<meta name=\"twitter:card\" content=\"summary_large_image\" \/>\n<meta name=\"twitter:label1\" content=\"Est. tempo de leitura\" \/>\n\t<meta name=\"twitter:data1\" content=\"13 minutos\" \/>\n<script type=\"application\/ld+json\" class=\"yoast-schema-graph\">{\"@context\":\"https:\/\/schema.org\",\"@graph\":[{\"@type\":\"WebPage\",\"@id\":\"https:\/\/departamentos.ufrrj.br\/dce\/projetos-de-pesquisa\/\",\"url\":\"https:\/\/departamentos.ufrrj.br\/dce\/projetos-de-pesquisa\/\",\"name\":\"Projetos de Extens\u00e3o - Departamento Ci\u00eancias Econ\u00f4micas\",\"isPartOf\":{\"@id\":\"https:\/\/departamentos.ufrrj.br\/dce\/#website\"},\"datePublished\":\"2024-09-30T17:32:33+00:00\",\"dateModified\":\"2026-03-19T23:06:55+00:00\",\"breadcrumb\":{\"@id\":\"https:\/\/departamentos.ufrrj.br\/dce\/projetos-de-pesquisa\/#breadcrumb\"},\"inLanguage\":\"pt-BR\",\"potentialAction\":[{\"@type\":\"ReadAction\",\"target\":[\"https:\/\/departamentos.ufrrj.br\/dce\/projetos-de-pesquisa\/\"]}]},{\"@type\":\"BreadcrumbList\",\"@id\":\"https:\/\/departamentos.ufrrj.br\/dce\/projetos-de-pesquisa\/#breadcrumb\",\"itemListElement\":[{\"@type\":\"ListItem\",\"position\":1,\"name\":\"In\u00edcio\",\"item\":\"https:\/\/departamentos.ufrrj.br\/dce\/\"},{\"@type\":\"ListItem\",\"position\":2,\"name\":\"Projetos de Extens\u00e3o\"}]},{\"@type\":\"WebSite\",\"@id\":\"https:\/\/departamentos.ufrrj.br\/dce\/#website\",\"url\":\"https:\/\/departamentos.ufrrj.br\/dce\/\",\"name\":\"Departamento Ci\u00eancias Econ\u00f4micas\",\"description\":\"\",\"potentialAction\":[{\"@type\":\"SearchAction\",\"target\":{\"@type\":\"EntryPoint\",\"urlTemplate\":\"https:\/\/departamentos.ufrrj.br\/dce\/?s={search_term_string}\"},\"query-input\":{\"@type\":\"PropertyValueSpecification\",\"valueRequired\":true,\"valueName\":\"search_term_string\"}}],\"inLanguage\":\"pt-BR\"}]}<\/script>\n<!-- \/ Yoast SEO plugin. -->","yoast_head_json":{"title":"Projetos de Extens\u00e3o - Departamento Ci\u00eancias Econ\u00f4micas","robots":{"index":"index","follow":"follow","max-snippet":"max-snippet:-1","max-image-preview":"max-image-preview:large","max-video-preview":"max-video-preview:-1"},"canonical":"https:\/\/departamentos.ufrrj.br\/dce\/projetos-de-pesquisa\/","og_locale":"pt_BR","og_type":"article","og_title":"Projetos de Extens\u00e3o - Departamento Ci\u00eancias Econ\u00f4micas","og_description":"Os projetos de extens\u00e3o em andamento sob a coordena\u00e7\u00e3o ou participa\u00e7\u00e3o de docentes do Departamento de Ci\u00eancias Econ\u00f4micas (DeCE) possuem direta rela\u00e7\u00e3o [&hellip;]","og_url":"https:\/\/departamentos.ufrrj.br\/dce\/projetos-de-pesquisa\/","og_site_name":"Departamento Ci\u00eancias Econ\u00f4micas","article_modified_time":"2026-03-19T23:06:55+00:00","twitter_card":"summary_large_image","twitter_misc":{"Est. tempo de leitura":"13 minutos"},"schema":{"@context":"https:\/\/schema.org","@graph":[{"@type":"WebPage","@id":"https:\/\/departamentos.ufrrj.br\/dce\/projetos-de-pesquisa\/","url":"https:\/\/departamentos.ufrrj.br\/dce\/projetos-de-pesquisa\/","name":"Projetos de Extens\u00e3o - Departamento Ci\u00eancias Econ\u00f4micas","isPartOf":{"@id":"https:\/\/departamentos.ufrrj.br\/dce\/#website"},"datePublished":"2024-09-30T17:32:33+00:00","dateModified":"2026-03-19T23:06:55+00:00","breadcrumb":{"@id":"https:\/\/departamentos.ufrrj.br\/dce\/projetos-de-pesquisa\/#breadcrumb"},"inLanguage":"pt-BR","potentialAction":[{"@type":"ReadAction","target":["https:\/\/departamentos.ufrrj.br\/dce\/projetos-de-pesquisa\/"]}]},{"@type":"BreadcrumbList","@id":"https:\/\/departamentos.ufrrj.br\/dce\/projetos-de-pesquisa\/#breadcrumb","itemListElement":[{"@type":"ListItem","position":1,"name":"In\u00edcio","item":"https:\/\/departamentos.ufrrj.br\/dce\/"},{"@type":"ListItem","position":2,"name":"Projetos de Extens\u00e3o"}]},{"@type":"WebSite","@id":"https:\/\/departamentos.ufrrj.br\/dce\/#website","url":"https:\/\/departamentos.ufrrj.br\/dce\/","name":"Departamento Ci\u00eancias Econ\u00f4micas","description":"","potentialAction":[{"@type":"SearchAction","target":{"@type":"EntryPoint","urlTemplate":"https:\/\/departamentos.ufrrj.br\/dce\/?s={search_term_string}"},"query-input":{"@type":"PropertyValueSpecification","valueRequired":true,"valueName":"search_term_string"}}],"inLanguage":"pt-BR"}]}},"_links":{"self":[{"href":"https:\/\/departamentos.ufrrj.br\/dce\/wp-json\/wp\/v2\/pages\/35"}],"collection":[{"href":"https:\/\/departamentos.ufrrj.br\/dce\/wp-json\/wp\/v2\/pages"}],"about":[{"href":"https:\/\/departamentos.ufrrj.br\/dce\/wp-json\/wp\/v2\/types\/page"}],"author":[{"embeddable":true,"href":"https:\/\/departamentos.ufrrj.br\/dce\/wp-json\/wp\/v2\/users\/3"}],"replies":[{"embeddable":true,"href":"https:\/\/departamentos.ufrrj.br\/dce\/wp-json\/wp\/v2\/comments?post=35"}],"version-history":[{"count":6,"href":"https:\/\/departamentos.ufrrj.br\/dce\/wp-json\/wp\/v2\/pages\/35\/revisions"}],"predecessor-version":[{"id":729,"href":"https:\/\/departamentos.ufrrj.br\/dce\/wp-json\/wp\/v2\/pages\/35\/revisions\/729"}],"wp:attachment":[{"href":"https:\/\/departamentos.ufrrj.br\/dce\/wp-json\/wp\/v2\/media?parent=35"}],"curies":[{"name":"wp","href":"https:\/\/api.w.org\/{rel}","templated":true}]}}