{"id":38,"date":"2024-09-30T14:33:21","date_gmt":"2024-09-30T17:33:21","guid":{"rendered":"https:\/\/departamentos.ufrrj.br\/dce\/?page_id=38"},"modified":"2026-03-19T20:02:29","modified_gmt":"2026-03-19T23:02:29","slug":"projetos-de-pesquisa-2","status":"publish","type":"page","link":"https:\/\/departamentos.ufrrj.br\/dce\/projetos-de-pesquisa-2\/","title":{"rendered":"Projetos de Pesquisa"},"content":{"rendered":"\n<p>Docentes do Departamento de Ci\u00eancias Econ\u00f4micas (DeCE) coordenam grupos e projetos de pesquisa nos mais diferentes temas e filia\u00e7\u00f5es te\u00f3ricas.<\/p>\n\n\n\n<p>Para saber mais, acesse os posts.<\/p>\n\n\n\n<p><strong>2023 &#8211; Atual<\/strong><\/p>\n\n\n\n<p>Servi\u00e7os Ecossist\u00eamicos Marinhos Mapeamento das Potencialidades da Costa Verde<\/p>\n\n\n\n<p>Descri\u00e7\u00e3o: A economia do Estado do Rio de Janeiro pode se beneficiar de suas potencialidades regionais como um vetor de desenvolvimento econ\u00f4mico, social e ambientalmente sustent\u00e1vel. Embora j\u00e1 possua grande parte de sua economia ligada ao mar, n\u00e3o existe um estudo mais aprofundado sobre como os setores relacionados ao mar podem servir de alavanca para o desenvolvimento regional fluminense. Este projeto avaliar\u00e1 como os servi\u00e7os dos ecossistemas costeiros e marinhos podem ser direcionados para o desenvolvimento azul local na regi\u00e3o da Costa Verde..<br>Situa\u00e7\u00e3o: Em andamento; Natureza: Pesquisa.<br>Alunos envolvidos: Gradua\u00e7\u00e3o: (1) .<\/p>\n\n\n\n<p>Integrantes: Alexandre Jeronimo de Freitas &#8211; Coordenador.<br>Financiador(es): FAPERJ &#8211; Bolsa.<\/p>\n\n\n\n<p><strong>2022 &#8211; Atual<\/strong><\/p>\n\n\n\n<p>PORTOS E DESENVOLVIMENTO REGIONAL &#8211; IMPORT\u00c2NCIA DO PORTO DE ITAGUA\u00cd PARA A REGI\u00c3O DA COSTA VERDE<\/p>\n\n\n\n<p>Descri\u00e7\u00e3o: O desenvolvimento regional \u00e9 um dos temas mais importantes para a economia fluminense. Os portos s\u00e3o considerados ativos regionais indutores de atividades econ\u00f4micas relevantes. Este artigo pretende analisar como o porto de Itagua\u00ed pode se tornar um instrumento central numa estrat\u00e9gia de desenvolvimento econ\u00f4mico para a regi\u00e3o da Costa Verde..<br>Situa\u00e7\u00e3o: Em andamento; Natureza: Pesquisa.<br>Alunos envolvidos: Gradua\u00e7\u00e3o: (1) .<\/p>\n\n\n\n<p>Integrantes: Alexandre Jeronimo de Freitas &#8211; Coordenador.<br>Financiador(es): Funda\u00e7\u00e3o Carlos Chagas Filho de Amparo \u00e0 Pesquisa do Estado do RJ &#8211; Bolsa.<\/p>\n\n\n\n<p><strong>2023 &#8211; 2023<\/strong><\/p>\n\n\n\n<p>I Ranking Nacional de Fundos Soberanos<\/p>\n\n\n\n<p>Descri\u00e7\u00e3o: O primeiro Ranking Nacional de Fundos Soberanos teve como objetivo avaliar os seis fundos soberanos regionais em opera\u00e7\u00e3o no Brasil no ano de 2023, a saber: Fundo Soberano de Maric\u00e1 (FSM), Fundo Soberano de Ilhabela (FSMI), Fundo de Equaliza\u00e7\u00e3o da Receita &#8211; de Niter\u00f3i &#8211; (FER), Fundo Soberano do Estado do Esp\u00edrito Santo (FUNSES), Fundo Soberano de Saquarema (FSS) e Fundo Soberano do Estado do Rio de Janeiro (FSERJ).O Modelo de Avalia\u00e7\u00e3o de Fundos Soberanos (MAFS) foi utilizado para analisar os fundos soberanos em quest\u00e3o. Tal ferramenta foi desenvolvida no ano de 2022 pelo atual coordenador do ranking, economista Eduardo Bassin..<br>Situa\u00e7\u00e3o: Conclu\u00eddo; Natureza: Pesquisa.<br>Alunos envolvidos: Gradua\u00e7\u00e3o: (1) .<\/p>\n\n\n\n<p>Integrantes: Eduardo Bassin &#8211; Coordenador \/ Everlam Elias Montibeler &#8211; Integrante.<\/p>\n\n\n\n<p><strong>2019 &#8211; 2024<\/strong><\/p>\n\n\n\n<p>Turismo em um cen\u00e1rio de guerra: os custos da viol\u00eancia e criminalidade para o setor de turismo e seus desdobramentos sobre os demais setores da economia fluminense<\/p>\n\n\n\n<p>Descri\u00e7\u00e3o: O setor de turismo \u00e9 uma atividade capaz de dinamizar uma regi\u00e3o ao estimular diversos setores gerando emprego e renda (REZENDE e REZENDE, 2005), valorizar a pr\u00f3pria cultura, preservar o patrim\u00f4nio hist\u00f3rico e art\u00edstico e possibiljavascript:void(0)itar o interc\u00e2mbio cultural (OMT,1998). Com isso, o turismo tem sido uma das atividades de maior expans\u00e3o no mundo, com crescimento m\u00e9dio de 7 a.a. (WORLD BANK, 2001) e participa\u00e7\u00e3o de 9,8 no PIB mundial em 2015 (WTTC, 2016). Seguindo a tend\u00eancia mundial, o turismo no Brasil passou da 51 para a 28 posi\u00e7\u00e3o em competitividade no setor (EMBRATUR, 2016). O Estado do Rio de Janeiro (ERJ), segundo maior receptor de turistas e destinopreferido do turismo de lazer, o setor responde por 9,9 do emprego e 7 do PIB (CNC, 2017). Acreditando nas potencialidades do setor, o atual governo do estado sugere que o turismo \u00e9 o nosso novo petr\u00f3leo! (RICKLY, 2019). \u00c0 merc\u00ea disso, o desembarque de turistas internacionais n\u00e3o exibiu trajet\u00f3ria de crescimento expressiva nos \u00faltimos anos. Especulava-se que os megaeventos esportivos seriam capazes de deixar como legado o crescimento cont\u00ednuo da demanda por turismo na cidade do Rio de Janeiro, no estado fluminense e no Pa\u00eds. Entretanto, a antipropaganda entendida como o aumento da sensa\u00e7\u00e3o de inseguran\u00e7a no estado, com in\u00fameros epis\u00f3dios de viol\u00eancia contra turistas, \u00e9 um dos determinantes que impactaram negativamente o setor (CNC, 2017). Com o recrudescimento da criminalidade a partir de 2013 e, dada a car\u00eancia de estudos dos impactos da viol\u00eancia sobre o turismo e seus desdobramentos sobre a cadeia produtiva, este projeto realizar\u00e1 um estudo sist\u00eamico dos custos da criminalidade para o setor de turismo do ERJ e seus transbordamentos para os demais setores por meio do m\u00e9todo de insumo-produto. Os achados deste projeto ser\u00e3o de grande valia para a formula\u00e7\u00e3o de pol\u00edticas p\u00fablicas que visem o adensamento do setor de turismo do Rio de Janeiro e a retomada do crescimento econ\u00f4mico do estado..<br>Situa\u00e7\u00e3o: Conclu\u00eddo; Natureza: Pesquisa.<br>Alunos envolvidos: Gradua\u00e7\u00e3o: (1) \/ Especializa\u00e7\u00e3o: (0) \/ Mestrado acad\u00eamico: (1) \/ Mestrado profissional: (0) \/ Doutorado: (0) .<\/p>\n\n\n\n<p>Integrantes: Maria Viviana de Freitas Cabral &#8211; Coordenador \/ Jo\u00edlson de Assis Cabral &#8211; Integrante.<br>Financiador(es): Conselho Nacional de Desenvolvimento Cient\u00edfico e Tecnol\u00f3gico &#8211; Bolsa.<br>N\u00famero de produ\u00e7\u00f5es C, T &amp; A: 2<\/p>\n\n\n\n<p><strong>2018 &#8211; Atual<\/strong><\/p>\n\n\n\n<p>Perdas Comerciais no Setor El\u00e9trico Brasileiro: impactos econ\u00f4micos diretos e indiretos no PIB e propostas de medidas de mitiga\u00e7\u00e3o das perdas comerciais equitativas para consumidores e distribuidoras<\/p>\n\n\n\n<p>Descri\u00e7\u00e3o: O Setor El\u00e9trico Brasileiro (SEB) \u00e9 um sistema hidrot\u00e9rmico complexo de dimens\u00f5es continentais e pode ser considerado \u00fanico no mundo (FRANCISCO, 2012). as duas reformas implementadas n\u00e3o foram capazes de reduzir a taxa de perdas totais de energia el\u00e9trica ? diferen\u00e7a entre o montante fornecido \u00e0 rede el\u00e9trica e a energia que \u00e9 efetivamente entregue aos consumidores finais &#8211; do SEB. As perdas t\u00e9cnicas &#8211; ocorrem de forma natural nos sistemas el\u00e9tricos devido aos processos de transporte de energia &#8211; se mostram est\u00e1veis apresentando uma taxa m\u00e9dia em torno de 8% no per\u00edodo compreendido entre os anos de 2000 a 2012. J\u00e1 as perdas comerciais (perdas n\u00e3o t\u00e9cnicas) ? oriundas de furto de energia (?gatos?), adultera\u00e7\u00e3o dos medidores de energia, desvio no ramal de entrada e inadimpl\u00eancia &#8211; se mostraram crescentes, passando de 3,99% em 2000 para 5,91% em 2012, representando um aumento de 48%. Com a entrada em vigor do decreto n\u00b0 4.562 de 2002, as parcelas relacionadas aos custos de transporte e \u00e0s perdas de eletricidade, assim como os encargos de conex\u00e3o do segmento de consumo passaram a ser consideradas no c\u00e1lculo da tarifa paga pelo consumidor final. Assim, perdas comerciais reguladas passaram a ser modelada pelas distribuidoras como parte de seu mercado consumidor. Estas buscam mitigar estes custos, cada vez maiores, de forma custo-efetiva de modo a equilibrar seu ambiente econ\u00f4mico-financeiro. J\u00e1 a ANEEL busca minimizar estes custos visando garantir a modicidade tarif\u00e1ria, uma das diretrizes do atual modelo institucional do SEB. Contudo, \u00e9 plaus\u00edvel acreditar que a pol\u00edtica tarif\u00e1ria atual ao repassar uma parcela dos custos oriundos das perdas, via eleva\u00e7\u00e3o da tarifa, para os consumidores finais regulares levam a tarifas menos m\u00f3dicas. Sendo assim, o repasse das perdas comerciais \u00e0 tarifa de energia possui impactos diretos e indiretos para as distribuidoras, governo e consumidores. Para as distribuidoras, suas receitas podem ser reduzidas visto que o repasse das perdas pode ocorrer, no m\u00e1ximo, at\u00e9 o limite das perdas reguladas pela ANEEL. Perdas superiores a este limite s\u00e3o custeadas pelas distribuidoras. Com isso, um fact\u00edvel cen\u00e1rio de receitas menores limita a capacidade das distribuidoras realizarem novos investimentos, afeta negativamente a qualidade da oferta, aumenta a probabilidade de apag\u00f5es e oscila\u00e7\u00f5es nos hor\u00e1rios de pico de carga, h\u00e1 desperd\u00edcio de recursos ambientais e energ\u00e9ticos, press\u00e3o sobre os custos de expans\u00e3o do sistema el\u00e9trico al\u00e9m de desgaste do relacionamento entre a distribuidora e os clientes (ARAUJO, 2007; DEPURU et al.,2011; LIGHT, 2013; OBAFEMI e IFERE, 2013; MESSINIS e HATZIARGYRIOU, 2018; HUBACK, 2018). Quanto aos impactos sobre o governo e os consumidores, estes s\u00e3o pouco discutidos na literatura. Pode-se argumentar que as perdas reduzem a arrecada\u00e7\u00e3o p\u00fablica, visto que 35,6% da tarifa de energia s\u00e3o encargos e tributos. Sobre os consumidores, as perdas comerciais levam a cobran\u00e7a de tarifas menos m\u00f3dicas o que, por sua vez, reduzem a renda dispon\u00edvel dos consumidores regulares para consumo da pr\u00f3pria energia el\u00e9trica e de outros bens e servi\u00e7os. Tal redu\u00e7\u00e3o de renda dispon\u00edvel pode induzir o aumento da taxa de inadimpl\u00eancia, dos furtos e fraudes por parte das fam\u00edlias. Este comportamento das fam\u00edlias impacta diretamente a taxa de perdas comerciais no SEB retroalimentando o processo e, logo, culminando em um ciclo vicioso de aumento das perdas comerciais. Diante do exposto, propor medidas que visem a ruptura deste ciclo vicioso \u00e9 fundamental para a redu\u00e7\u00e3o das perdas comerciais e, consequentemente, da redu\u00e7\u00e3o das tarifas no SEB. Assim, um dos objetivos deste projeto \u00e9 mensurar os impactos diretos e indiretos das perdas comerciais de energia el\u00e9trica no consumo das fam\u00edlias e no PIB brasileiro..<br>Situa\u00e7\u00e3o: Em andamento; Natureza: Pesquisa.<br>Alunos envolvidos: Gradua\u00e7\u00e3o: (1) \/ Especializa\u00e7\u00e3o: (0) \/ Mestrado acad\u00eamico: (1) \/ Mestrado profissional: (0) \/ Doutorado: (0) .<\/p>\n\n\n\n<p>Integrantes: Maria Viviana de Freitas Cabral &#8211; Coordenador \/ Jo\u00edlson de Assis Cabral &#8211; Integrante.<\/p>\n\n\n\n<p>N\u00famero de produ\u00e7\u00f5es C, T &amp; A: 3<\/p>\n\n\n\n<p><strong>2020 &#8211; Atual<\/strong><\/p>\n\n\n\n<p>Laborat\u00f3rio de An\u00e1lises sobre a Estrutura Produtiva Fluminense<\/p>\n\n\n\n<p>Situa\u00e7\u00e3o: Em andamento; Natureza: Pesquisa.<br>Alunos envolvidos: Doutorado: (1) .<\/p>\n\n\n\n<p>Integrantes: Marcelo Pereira Fernandes &#8211; Integrante \/ R\u00fabia Cristina Wegner &#8211; Integrante \/ Luciana da Silva Ferreira &#8211; Integrante \/ FREITAS, ALEXANDRE JER\u00d4NIMO DE &#8211; Coordenador \/ D\u00e9bora Mesquita Pimentel &#8211; Integrante.<br><a><\/a><\/p>\n\n\n\n<p><strong>2019 &#8211; Atual<\/strong><\/p>\n\n\n\n<p>Economia do Mar &#8211; Estrat\u00e9gia de Desenvolvimento para o Estado do Rio de Janeiro<\/p>\n\n\n\n<p>Descri\u00e7\u00e3o: A economia do Estado do Rio de Janeiro pode se beneficiar de suas potencialidades regionais como sa\u00edda para a grave crise me que se encontra. Embora ja possua grande parte de sua economia ligada ao mar, n\u00e3o existe um estudo mais aprofundado sobre como os setores relacionados ao mar podem servir de alavanca para o desenvolvimento regional fluminense. Este projeto procura ser um primeiro passo nesta dire\u00e7\u00e3o.<br>Situa\u00e7\u00e3o: Em andamento; Natureza: Pesquisa.<br>Alunos envolvidos: Mestrado acad\u00eamico: (1) .<\/p>\n\n\n\n<p>Integrantes: Marcelo Pereira Fernandes &#8211; Integrante \/ R\u00fabia Cristina Wegner &#8211; Integrante \/ Luciana da Silva Ferreira &#8211; Integrante \/ Alexandre Jeronimo de Freitas &#8211; Coordenador \/ D\u00e9bora Mesquita Pimentel &#8211; Integrante.<br><a><\/a><\/p>\n\n\n\n<p><strong>2017 &#8211; Atual<\/strong><\/p>\n\n\n\n<p>Padr\u00f5es Hist\u00f3ricos do Desenvolvimento Econ\u00f4mico da Am\u00e9rica do Sul<\/p>\n\n\n\n<p>Projeto certificado pelo(a) coordenador(a) Alexandre Jeronimo de Freitas em 08\/02\/2017.<\/p>\n\n\n\n<p>Situa\u00e7\u00e3o: Em andamento; Natureza: Pesquisa.<br>Alunos envolvidos: Gradua\u00e7\u00e3o: (2) \/ Mestrado acad\u00eamico: (1) \/ Doutorado: (4) .<\/p>\n\n\n\n<p>Integrantes: Marcelo Pereira Fernandes &#8211; Integrante \/ Alexandre Jer\u00f4nimo de Freitas &#8211; Coordenador \/ R\u00fabia Cristina Wegner &#8211; Integrante \/ Eduardo Alberto Crespo &#8211; Integrante \/ Javier Walter Ghibaudi &#8211; Integrante \/ Ryan de Albuquerque da Silva &#8211; Integrante.<\/p>\n\n\n\n<p>N\u00famero de produ\u00e7\u00f5es C, T &amp; A: 23<\/p>\n\n\n\n<p><strong>023 &#8211; Atual<\/strong><\/p>\n\n\n\n<p>Uma abordagem minskyana sobre a evolu\u00e7\u00e3o do resultado da intermedia\u00e7\u00e3o financeira dos bancos privados brasileiros durante o per\u00edodo 2015-2022<\/p>\n\n\n\n<p>Descri\u00e7\u00e3o: Essa pesquisa discute os determinantes do lucro banc\u00e1rio brasileiro recorde na maioria dos trimestres durante o per\u00edodo 2015-22, caracterizado pela estagna\u00e7\u00e3o econ\u00f4mica e pela incerteza. Pretende identificar as estrat\u00e9gias adotadas no per\u00edodo, considerando a pol\u00edtica econ\u00f4mica e o desempenho macroecon\u00f4mico do Pa\u00eds..<br>Situa\u00e7\u00e3o: Em andamento; Natureza: Pesquisa.<br>Alunos envolvidos: Gradua\u00e7\u00e3o: (2) .<\/p>\n\n\n\n<p>Integrantes: Antonio Jos\u00e9 Alves Junior &#8211; Coordenador \/ D\u00e9bora Mesquita Pimental &#8211; Integrante \/ Hevellyn Camille da Silva &#8211; Integrante \/ joao victor motta &#8211; Integrante.<br>Financiador(es): Universidade Federal Rural do Rio de Janeiro &#8211; Bolsa.<br>N\u00famero de produ\u00e7\u00f5es C, T &amp; A: 2<\/p>\n\n\n\n<p><strong>2023 &#8211; Atual<\/strong><\/p>\n\n\n\n<p>A escalada do endividamento das fam\u00edlias no brasil: padr\u00f5es de consumo, fragilidade financeira e din\u00e2mica econ\u00f4mica<\/p>\n\n\n\n<p>Descri\u00e7\u00e3o: o projeto tem como objetivo geral analisar as carater\u00edsticas, tend\u00eancias e a sustentabilidade do endividamento das fam\u00edlias no Brasil no per\u00edodo 2005-2024. A an\u00e1lise congrega tr\u00eas \u00f3ticas interrelacionadas: (i) do lado da demanda do cr\u00e9dito, prevalece a discuss\u00e3o sobre os determinantes e a din\u00e2mica do endividamento familiar; (ii) do lado da oferta de cr\u00e9dito, o enfoque \u00e9 sobre as estrat\u00e9gias banc\u00e1rias e os determinantes da oferta, bem como a sustentabilidade dessas opera\u00e7\u00f5es; e (iii) do ponto de vista macroecon\u00f4mico, debate-se as rela\u00e7\u00f5es entre o consumo, a renda, o emprego e a din\u00e2mica do cr\u00e9dito..<br>Situa\u00e7\u00e3o: Em andamento; Natureza: Pesquisa.<br>Alunos envolvidos: Gradua\u00e7\u00e3o: (1) .<\/p>\n\n\n\n<p>Integrantes: D\u00e9bora Mesquita Pimentel &#8211; Integrante \/ Norberto Montani Martins &#8211; Integrante \/ Antonio Jose Alves Junior &#8211; Integrante \/ Carmem Aparecida do Valle Costa Feij\u00f3 &#8211; Coordenador \/ Paula Sarno &#8211; Integrante.<br>Financiador(es): Conselho Nacional de Desenvolvimento Cient\u00edfico e Tecnol\u00f3gico &#8211; Aux\u00edlio financeiro.<a><\/a><\/p>\n\n\n\n<p><strong>2023 &#8211; Atual<\/strong><\/p>\n\n\n\n<p>Pol\u00edtica Monet\u00e1ria e Din\u00e2mica Inflacion\u00e1ria: Heterogeneidade e Assimetria na Transmiss\u00e3o de Pre\u00e7os<\/p>\n\n\n\n<p>Situa\u00e7\u00e3o: Em andamento; Natureza: Pesquisa.<br>Alunos envolvidos: Gradua\u00e7\u00e3o: (3) \/ Mestrado acad\u00eamico: (1) .<\/p>\n\n\n\n<p>Integrantes: D\u00e9bora Mesquita Pimentel &#8211; Coordenador \/ Antonio Jose Alves Junior &#8211; Integrante \/ Jo\u00e3o Vitor Monteiro Rodrigues &#8211; Integrante \/ Elton Corr\u00eaa de Souza &#8211; Integrante \/ Alexandre Chantre &#8211; Integrante \/ \u00c9RLON DOMINGUES DA SILVA &#8211; Integrante.<br>Financiador(es): Conselho Nacional de Desenvolvimento Cient\u00edfico e Tecnol\u00f3gico &#8211; Bolsa \/ FAPERJ &#8211; Bolsa.<a><\/a><\/p>\n\n\n\n<p><strong>2023 &#8211; Atual<\/strong><\/p>\n\n\n\n<p>Acompanhamento da Conjuntura Econ\u00f4mica Brasileira &#8211; Suporte anal\u00edtico e econom\u00e9trico<\/p>\n\n\n\n<p>Situa\u00e7\u00e3o: Em andamento; Natureza: Pesquisa.<\/p>\n\n\n\n<p>Integrantes: D\u00e9bora Mesquita Pimentel &#8211; Integrante \/ Julia de Medeiros Braga &#8211; Coordenador.<br>Financiador(es): Instituto de Pesquisa Econ\u00f4mica Aplicada &#8211; DF &#8211; Bolsa.<\/p>\n\n\n\n<p><strong>2026 &#8211; Atual<\/strong><\/p>\n\n\n\n<p>Manguezais em transforma\u00e7\u00e3o: Sustentabilidade e Governan\u00e7a Ambiental na Reserva Biol\u00f3gica de Guaratiba (RJ)<\/p>\n\n\n\n<p>Descri\u00e7\u00e3o: O projeto &#8220;Manguezais em Transforma\u00e7\u00e3o: Sustentabilidade e Governan\u00e7a Ambiental na Reserva Biol\u00f3gica de Guaratiba (RJ)&#8221; tem como objetivo investigar as transforma\u00e7\u00f5es socioambientais nos manguezais da Reserva Biol\u00f3gica de Guaratiba (Rebio Guaratiba), no estado do Rio de Janeiro, diante das press\u00f5es urbanas, clim\u00e1ticas e institucionais. A pesquisa prop\u00f5e uma abordagem integrada para avaliar os impactos dessas transforma\u00e7\u00f5es sobre os servi\u00e7os ecossist\u00eamicos, a governan\u00e7a ambiental e a sustentabilidade do territ\u00f3rio. Ser\u00e3o utilizadas metodologias qualitativas e quantitativas, como geoprocessamento, an\u00e1lise documental, entrevistas com gestores, valora\u00e7\u00e3o econ\u00f4mica dos servi\u00e7os ecossist\u00eamicos com o m\u00e9todo de transfer\u00eancia de benef\u00edcios e revis\u00e3o sistem\u00e1tica da literatura. Os resultados visam subsidiar pol\u00edticas p\u00fablicas voltadas \u00e0 conserva\u00e7\u00e3o ambiental, \u00e0 justi\u00e7a socioambiental e \u00e0 gest\u00e3o adaptativa de unidades de conserva\u00e7\u00e3o costeiras em \u00e1reas metropolitanas..<br>Situa\u00e7\u00e3o: Em andamento; Natureza: Pesquisa.<\/p>\n\n\n\n<p>Integrantes: Ver\u00f4nica Nascimento Brito Antunes &#8211; Coordenador.<br>Financiador(es): FAPERJ &#8211; Aux\u00edlio financeiro.<a><\/a><\/p>\n\n\n\n<p><strong>2025 &#8211; Atual<\/strong><\/p>\n\n\n\n<p>Servi\u00e7os Ecossist\u00eamicos dos Manguezais da Ba\u00eda de Sepetiba-RJ: Uma An\u00e1lise Econ\u00f4mica para Estrat\u00e9gias de Conserva\u00e7\u00e3o da Reserva Biol\u00f3gica de Guaratiba<\/p>\n\n\n\n<p>Descri\u00e7\u00e3o: Tem por objetivo investigar os servi\u00e7os ecossist\u00eamicos prestados pelo manguezal da Ba\u00eda de Sepetiba- Rio de Janeiro, com \u00eanfase na Reserva Biol\u00f3gica de Guaratiba, e propor estrat\u00e9gias de gest\u00e3o e conserva\u00e7\u00e3o baseadas em evid\u00eancias econ\u00f4micas e ambientais..<br>Situa\u00e7\u00e3o: Em andamento; Natureza: Pesquisa.<br>Alunos envolvidos: Gradua\u00e7\u00e3o: (2) .<\/p>\n\n\n\n<p>Integrantes: Ver\u00f4nica Nascimento Brito Antunes &#8211; Coordenador \/ NICOLLY FARIAS BARBOSA DA SILVA &#8211; Integrante.<br>Financiador(es): Universidade Federal Rural do Rio de Janeiro &#8211; Bolsa.<\/p>\n\n\n\n<p><strong>2024 &#8211; Atual<\/strong><\/p>\n\n\n\n<p>Agricultura da China &#8211; moderniza\u00e7\u00e3o, inova\u00e7\u00e3o, empresariza\u00e7\u00e3o e quest\u00e3o agr\u00e1ria<\/p>\n\n\n\n<p>Situa\u00e7\u00e3o: Em andamento; Natureza: Pesquisa.<\/p>\n\n\n\n<p>Integrantes: Rubia Cristina Wegner &#8211; Coordenador \/ Rochane Tavares de Oliveira &#8211; Integrante \/ DANILO PONTES DEBARBA &#8211; Integrante.<br><a><\/a><\/p>\n\n\n\n<p><strong>2023 &#8211; Atual<\/strong><\/p>\n\n\n\n<p>Inova\u00e7\u00e3o e industrializa\u00e7\u00e3o da agricultura da China -uma investiga\u00e7\u00e3o do crescimento das grandes empresas chinesas da agricultura e pecu\u00e1ria<\/p>\n\n\n\n<p>Descri\u00e7\u00e3o: O projeto tempo por objetivo principal sistematizar as estrat\u00e9gias de crescimento de empresas chinesas do setor agropecu\u00e1rio at\u00e9 sua internacionaliza\u00e7\u00e3o e, a partir da\u00ed, analisar seu papel no sistema agroalimentar. Esse objetivo parte do contexto da estrat\u00e9gia de moderniza\u00e7\u00e3o agr\u00edcola chinesa, entre 2004 e 2021, conduzida pelo Estado e seu planejamento, em suas m\u00faltiplas dimens\u00f5es (inova\u00e7\u00e3o tecnol\u00f3gica, cr\u00e9dito, cria\u00e7\u00e3o de novos atores privados\/conglomerados e coordena\u00e7\u00e3o das pol\u00edticas). Por moderniza\u00e7\u00e3o da agricultura entende-se o processo de mudan\u00e7a estrutural, centrado na industrializa\u00e7\u00e3o da agricultura. A estrat\u00e9gia de moderniza\u00e7\u00e3o pretende, simultaneamente, aumentar a produtividade agr\u00edcola, garantir a seguran\u00e7a alimentar e nutricional, aumentar a competitividade internacional da agricultura chinesa e proporcionar um desenvolvimento econ\u00f4mico e social nas \u00e1reas rurais. A metodologia ser\u00e1 a de indicadores que avaliam o crescimento de empresas e de padr\u00f5es de investimento externo direto..<br>Situa\u00e7\u00e3o: Em andamento; Natureza: Pesquisa.<\/p>\n\n\n\n<p>Integrantes: Rubia Cristina Wegner &#8211; Coordenador \/ Antonio Jos\u00e9 Alves J\u00fanior &#8211; Integrante \/ Alexandre Jeronimo de Freitas &#8211; Integrante \/ FERNANDES, MARCELO PEREIRA &#8211; Integrante.<br><a><\/a><\/p>\n\n\n\n<p><strong>2023 &#8211; Atual<\/strong><\/p>\n\n\n\n<p>Inova\u00e7\u00e3o e industrializa\u00e7\u00e3o da agricultura da China &#8211; uma investiga\u00e7\u00e3o da incorpora\u00e7\u00e3o de tecnologias de automa\u00e7\u00e3o, internet das coisas e intelig\u00eancia artificial \u00e0 atividade agropecu\u00e1ria da China<\/p>\n\n\n\n<p>Situa\u00e7\u00e3o: Em andamento; Natureza: Pesquisa.<\/p>\n\n\n\n<p>Integrantes: Rubia Cristina Wegner &#8211; Coordenador \/ Rochane Tavares de Oliveira &#8211; Integrante \/ Filipe Costa &#8211; Integrante \/ Daniel Alves Concei\u00e7\u00e3o &#8211; Integrante \/ Igor Friedrich Hochst\u00e4tter &#8211; Integrante.<\/p>\n","protected":false},"excerpt":{"rendered":"<p>Docentes do Departamento de Ci\u00eancias Econ\u00f4micas (DeCE) coordenam grupos e projetos de pesquisa nos mais diferentes temas e filia\u00e7\u00f5es te\u00f3ricas. Para saber [&hellip;]<\/p>\n","protected":false},"author":3,"featured_media":0,"parent":0,"menu_order":0,"comment_status":"closed","ping_status":"closed","template":"","meta":{"_acf_changed":false,"footnotes":""},"class_list":["post-38","page","type-page","status-publish","hentry"],"acf":[],"yoast_head":"<!-- This site is optimized with the Yoast SEO plugin v23.4 - https:\/\/yoast.com\/wordpress\/plugins\/seo\/ -->\n<title>Projetos de Pesquisa - Departamento Ci\u00eancias Econ\u00f4micas<\/title>\n<meta name=\"robots\" content=\"index, follow, max-snippet:-1, max-image-preview:large, max-video-preview:-1\" \/>\n<link rel=\"canonical\" href=\"https:\/\/departamentos.ufrrj.br\/dce\/projetos-de-pesquisa-2\/\" \/>\n<meta property=\"og:locale\" content=\"pt_BR\" \/>\n<meta property=\"og:type\" content=\"article\" \/>\n<meta property=\"og:title\" content=\"Projetos de Pesquisa - Departamento Ci\u00eancias Econ\u00f4micas\" \/>\n<meta property=\"og:description\" content=\"Docentes do Departamento de Ci\u00eancias Econ\u00f4micas (DeCE) coordenam grupos e projetos de pesquisa nos mais diferentes temas e filia\u00e7\u00f5es te\u00f3ricas. Para saber [&hellip;]\" \/>\n<meta property=\"og:url\" content=\"https:\/\/departamentos.ufrrj.br\/dce\/projetos-de-pesquisa-2\/\" \/>\n<meta property=\"og:site_name\" content=\"Departamento Ci\u00eancias Econ\u00f4micas\" \/>\n<meta property=\"article:modified_time\" content=\"2026-03-19T23:02:29+00:00\" \/>\n<meta name=\"twitter:card\" content=\"summary_large_image\" \/>\n<meta name=\"twitter:label1\" content=\"Est. tempo de leitura\" \/>\n\t<meta name=\"twitter:data1\" content=\"13 minutos\" \/>\n<script type=\"application\/ld+json\" class=\"yoast-schema-graph\">{\"@context\":\"https:\/\/schema.org\",\"@graph\":[{\"@type\":\"WebPage\",\"@id\":\"https:\/\/departamentos.ufrrj.br\/dce\/projetos-de-pesquisa-2\/\",\"url\":\"https:\/\/departamentos.ufrrj.br\/dce\/projetos-de-pesquisa-2\/\",\"name\":\"Projetos de Pesquisa - Departamento Ci\u00eancias Econ\u00f4micas\",\"isPartOf\":{\"@id\":\"https:\/\/departamentos.ufrrj.br\/dce\/#website\"},\"datePublished\":\"2024-09-30T17:33:21+00:00\",\"dateModified\":\"2026-03-19T23:02:29+00:00\",\"breadcrumb\":{\"@id\":\"https:\/\/departamentos.ufrrj.br\/dce\/projetos-de-pesquisa-2\/#breadcrumb\"},\"inLanguage\":\"pt-BR\",\"potentialAction\":[{\"@type\":\"ReadAction\",\"target\":[\"https:\/\/departamentos.ufrrj.br\/dce\/projetos-de-pesquisa-2\/\"]}]},{\"@type\":\"BreadcrumbList\",\"@id\":\"https:\/\/departamentos.ufrrj.br\/dce\/projetos-de-pesquisa-2\/#breadcrumb\",\"itemListElement\":[{\"@type\":\"ListItem\",\"position\":1,\"name\":\"In\u00edcio\",\"item\":\"https:\/\/departamentos.ufrrj.br\/dce\/\"},{\"@type\":\"ListItem\",\"position\":2,\"name\":\"Projetos de Pesquisa\"}]},{\"@type\":\"WebSite\",\"@id\":\"https:\/\/departamentos.ufrrj.br\/dce\/#website\",\"url\":\"https:\/\/departamentos.ufrrj.br\/dce\/\",\"name\":\"Departamento Ci\u00eancias Econ\u00f4micas\",\"description\":\"\",\"potentialAction\":[{\"@type\":\"SearchAction\",\"target\":{\"@type\":\"EntryPoint\",\"urlTemplate\":\"https:\/\/departamentos.ufrrj.br\/dce\/?s={search_term_string}\"},\"query-input\":{\"@type\":\"PropertyValueSpecification\",\"valueRequired\":true,\"valueName\":\"search_term_string\"}}],\"inLanguage\":\"pt-BR\"}]}<\/script>\n<!-- \/ Yoast SEO plugin. -->","yoast_head_json":{"title":"Projetos de Pesquisa - Departamento Ci\u00eancias Econ\u00f4micas","robots":{"index":"index","follow":"follow","max-snippet":"max-snippet:-1","max-image-preview":"max-image-preview:large","max-video-preview":"max-video-preview:-1"},"canonical":"https:\/\/departamentos.ufrrj.br\/dce\/projetos-de-pesquisa-2\/","og_locale":"pt_BR","og_type":"article","og_title":"Projetos de Pesquisa - Departamento Ci\u00eancias Econ\u00f4micas","og_description":"Docentes do Departamento de Ci\u00eancias Econ\u00f4micas (DeCE) coordenam grupos e projetos de pesquisa nos mais diferentes temas e filia\u00e7\u00f5es te\u00f3ricas. Para saber [&hellip;]","og_url":"https:\/\/departamentos.ufrrj.br\/dce\/projetos-de-pesquisa-2\/","og_site_name":"Departamento Ci\u00eancias Econ\u00f4micas","article_modified_time":"2026-03-19T23:02:29+00:00","twitter_card":"summary_large_image","twitter_misc":{"Est. tempo de leitura":"13 minutos"},"schema":{"@context":"https:\/\/schema.org","@graph":[{"@type":"WebPage","@id":"https:\/\/departamentos.ufrrj.br\/dce\/projetos-de-pesquisa-2\/","url":"https:\/\/departamentos.ufrrj.br\/dce\/projetos-de-pesquisa-2\/","name":"Projetos de Pesquisa - Departamento Ci\u00eancias Econ\u00f4micas","isPartOf":{"@id":"https:\/\/departamentos.ufrrj.br\/dce\/#website"},"datePublished":"2024-09-30T17:33:21+00:00","dateModified":"2026-03-19T23:02:29+00:00","breadcrumb":{"@id":"https:\/\/departamentos.ufrrj.br\/dce\/projetos-de-pesquisa-2\/#breadcrumb"},"inLanguage":"pt-BR","potentialAction":[{"@type":"ReadAction","target":["https:\/\/departamentos.ufrrj.br\/dce\/projetos-de-pesquisa-2\/"]}]},{"@type":"BreadcrumbList","@id":"https:\/\/departamentos.ufrrj.br\/dce\/projetos-de-pesquisa-2\/#breadcrumb","itemListElement":[{"@type":"ListItem","position":1,"name":"In\u00edcio","item":"https:\/\/departamentos.ufrrj.br\/dce\/"},{"@type":"ListItem","position":2,"name":"Projetos de Pesquisa"}]},{"@type":"WebSite","@id":"https:\/\/departamentos.ufrrj.br\/dce\/#website","url":"https:\/\/departamentos.ufrrj.br\/dce\/","name":"Departamento Ci\u00eancias Econ\u00f4micas","description":"","potentialAction":[{"@type":"SearchAction","target":{"@type":"EntryPoint","urlTemplate":"https:\/\/departamentos.ufrrj.br\/dce\/?s={search_term_string}"},"query-input":{"@type":"PropertyValueSpecification","valueRequired":true,"valueName":"search_term_string"}}],"inLanguage":"pt-BR"}]}},"_links":{"self":[{"href":"https:\/\/departamentos.ufrrj.br\/dce\/wp-json\/wp\/v2\/pages\/38"}],"collection":[{"href":"https:\/\/departamentos.ufrrj.br\/dce\/wp-json\/wp\/v2\/pages"}],"about":[{"href":"https:\/\/departamentos.ufrrj.br\/dce\/wp-json\/wp\/v2\/types\/page"}],"author":[{"embeddable":true,"href":"https:\/\/departamentos.ufrrj.br\/dce\/wp-json\/wp\/v2\/users\/3"}],"replies":[{"embeddable":true,"href":"https:\/\/departamentos.ufrrj.br\/dce\/wp-json\/wp\/v2\/comments?post=38"}],"version-history":[{"count":7,"href":"https:\/\/departamentos.ufrrj.br\/dce\/wp-json\/wp\/v2\/pages\/38\/revisions"}],"predecessor-version":[{"id":725,"href":"https:\/\/departamentos.ufrrj.br\/dce\/wp-json\/wp\/v2\/pages\/38\/revisions\/725"}],"wp:attachment":[{"href":"https:\/\/departamentos.ufrrj.br\/dce\/wp-json\/wp\/v2\/media?parent=38"}],"curies":[{"name":"wp","href":"https:\/\/api.w.org\/{rel}","templated":true}]}}