{"id":839,"date":"2025-09-12T22:24:52","date_gmt":"2025-09-13T01:24:52","guid":{"rendered":"https:\/\/departamentos.ufrrj.br\/del\/?page_id=839"},"modified":"2025-09-12T22:37:12","modified_gmt":"2025-09-13T01:37:12","slug":"cessao-de-uso-do-espaco","status":"publish","type":"page","link":"https:\/\/departamentos.ufrrj.br\/del\/cessao-de-uso-do-espaco\/","title":{"rendered":"Cess\u00e3o de uso do espa\u00e7o"},"content":{"rendered":"\n<figure class=\"wp-block-image size-large\"><img loading=\"lazy\" decoding=\"async\" width=\"1024\" height=\"409\" src=\"https:\/\/departamentos.ufrrj.br\/del\/wp-content\/uploads\/sites\/5\/2025\/03\/DEL-1024x409.jpg\" alt=\"DEL\" class=\"wp-image-684\" srcset=\"https:\/\/departamentos.ufrrj.br\/del\/wp-content\/uploads\/sites\/5\/2025\/03\/DEL-1024x409.jpg 1024w, https:\/\/departamentos.ufrrj.br\/del\/wp-content\/uploads\/sites\/5\/2025\/03\/DEL-300x120.jpg 300w, https:\/\/departamentos.ufrrj.br\/del\/wp-content\/uploads\/sites\/5\/2025\/03\/DEL-768x307.jpg 768w, https:\/\/departamentos.ufrrj.br\/del\/wp-content\/uploads\/sites\/5\/2025\/03\/DEL-175x70.jpg 175w, https:\/\/departamentos.ufrrj.br\/del\/wp-content\/uploads\/sites\/5\/2025\/03\/DEL.jpg 1280w\" sizes=\"(max-width: 1024px) 100vw, 1024px\" \/><\/figure>\n\n\n\n<p>O <strong>processo de solicita\u00e7\u00e3o de cess\u00e3o de uso dos espa\u00e7os do Departamento de Esporte e Lazer (DEL\/UFRRJ)<\/strong> foi estruturado para garantir organiza\u00e7\u00e3o, clareza e igualdade no atendimento \u00e0s demandas da comunidade acad\u00eamica e de eventos externos.<\/p>\n\n\n\n<p>A solicita\u00e7\u00e3o deve ser feita <strong>exclusivamente por meio do formul\u00e1rio oficial<\/strong>, preenchido e enviado pelo solicitante com a proposta do evento. Em seguida, a Secretaria do DEL realiza a an\u00e1lise, que pode resultar em retorno para adequa\u00e7\u00e3o ou aprova\u00e7\u00e3o. Nos casos aprovados, a proposta segue para formaliza\u00e7\u00e3o com o envio de of\u00edcio de cess\u00e3o.<\/p>\n\n\n\n<p>Para <strong>eventos oficiais da UFRRJ<\/strong>, n\u00e3o h\u00e1 cobran\u00e7a de taxa, sendo obrigat\u00f3ria a anexa\u00e7\u00e3o de memorando ou of\u00edcio de solicita\u00e7\u00e3o. J\u00e1 para <strong>eventos externos<\/strong>, \u00e9 necess\u00e1ria a <strong>Taxa de Cess\u00e3o<\/strong>, com envio do comprovante ap\u00f3s a aprova\u00e7\u00e3o da proposta. Uma vez confirmado o pagamento, o evento \u00e9 oficializado e inclu\u00eddo no <strong>Calend\u00e1rio do DEL<\/strong>.<\/p>\n\n\n\n<p>O processo segue prazos definidos para cada etapa:<\/p>\n\n\n\n<ul class=\"wp-block-list\">\n<li>Solicita\u00e7\u00e3o deve ser feita com pelo menos <strong>30 dias de anteced\u00eancia<\/strong>;<\/li>\n\n\n\n<li>A Secretaria do DEL tem <strong>5 dias \u00fateis<\/strong> para analisar o pedido;<\/li>\n\n\n\n<li>O solicitante possui <strong>5 dias \u00fateis<\/strong> para responder \u00e0 proposta enviada;<\/li>\n\n\n\n<li>Ap\u00f3s o aceite, h\u00e1 mais <strong>5 dias \u00fateis<\/strong> para envio do comprovante de pagamento (quando se tratar de evento externo);<\/li>\n\n\n\n<li>A Secretaria do DEL tem at\u00e9 <strong>3 dias \u00fateis<\/strong> para emitir o Of\u00edcio de Confirma\u00e7\u00e3o da Cess\u00e3o de Uso.<\/li>\n<\/ul>\n\n\n\n<p>Com esse fluxo, o DEL busca assegurar que os espa\u00e7os esportivos sejam utilizados de forma organizada, atendendo \u00e0s necessidades da comunidade acad\u00eamica e garantindo transpar\u00eancia nos eventos realizados dentro da UFRRJ.<\/p>\n\n\n\n<p><strong>Hor\u00e1rios de funcionamento das quadras e espa\u00e7os esportivos<\/strong><\/p>\n\n\n\n<p>De segunda a sexta-feira:<\/p>\n\n\n\n<ul class=\"wp-block-list\">\n<li>Quadras poliesportivas externas e Gin\u00e1sios G1 e G2: 08h \u00e0s 22h<\/li>\n\n\n\n<li>Campos de futebol, quadras de areia, t\u00eanis e pista de atletismo: 08h \u00e0s 18h (atividades recreativas)<\/li>\n<\/ul>\n\n\n\n<p>Aos s\u00e1bados e domingos:<\/p>\n\n\n\n<ul class=\"wp-block-list\">\n<li>Quadras poliesportivas externas e Gin\u00e1sios G1 e G2: 08h \u00e0s 17h<\/li>\n\n\n\n<li>Campos de futebol, quadras de areia, t\u00eanis e pista de atletismo: 08h \u00e0s 17h (atividades recreativas)<\/li>\n<\/ul>\n\n\n\n<p><strong>Pre\u00e7\u00e1rio \u2013 uso exclusivo para eventos externos<\/strong><\/p>\n\n\n\n<ul class=\"wp-block-list\">\n<li>Gin\u00e1sio Poliesportivo G1 (por hora): R$ 60,00<\/li>\n\n\n\n<li>Gin\u00e1sio Poliesportivo G2 (por hora): R$ 40,00<\/li>\n\n\n\n<li>Quadras externas poliesportivas, t\u00eanis, areia e pista de atletismo (por hora, cada): R$ 40,00<\/li>\n\n\n\n<li>Vesti\u00e1rios masculino e feminino G1: R$ 40,00<\/li>\n\n\n\n<li>Porteiro: R$ 25,00<\/li>\n<\/ul>\n\n\n\n<p><strong>Observa\u00e7\u00e3o:<\/strong><\/p>\n\n\n\n<ul class=\"wp-block-list\">\n<li>M\u00ednimo de di\u00e1ria para porteiro e auxiliar de limpeza: 4 horas.<\/li>\n<\/ul>\n\n\n\n<p><strong>Reservas e informa\u00e7\u00f5es<\/strong><br>E-mail: <strong><a>del.ufrrj@gmail.com<\/a><\/strong><\/p>\n\n\n\n<p><a href=\"https:\/\/docs.google.com\/forms\/d\/e\/1FAIpQLSdMocbkpSWtaj0TqKfrrXz0qCvFvqsIfXcUs27Dzt-qerNshQ\/viewform\">Acesse o link para fazer sua reserva..<\/a><\/p>\n","protected":false},"excerpt":{"rendered":"<p>O processo de solicita\u00e7\u00e3o de cess\u00e3o de uso dos espa\u00e7os do Departamento de Esporte e Lazer (DEL\/UFRRJ) foi estruturado para garantir organiza\u00e7\u00e3o, [&hellip;]<\/p>\n","protected":false},"author":5,"featured_media":0,"parent":0,"menu_order":0,"comment_status":"closed","ping_status":"closed","template":"","meta":{"_acf_changed":false,"footnotes":""},"class_list":["post-839","page","type-page","status-publish","hentry"],"acf":[],"yoast_head":"<!-- This site is optimized with the Yoast SEO plugin v23.4 - https:\/\/yoast.com\/wordpress\/plugins\/seo\/ -->\n<title>Cess\u00e3o de uso do espa\u00e7o - Departamento de Esportes e Lazer<\/title>\n<meta name=\"robots\" content=\"index, follow, max-snippet:-1, max-image-preview:large, max-video-preview:-1\" \/>\n<link rel=\"canonical\" href=\"https:\/\/departamentos.ufrrj.br\/del\/cessao-de-uso-do-espaco\/\" \/>\n<meta property=\"og:locale\" content=\"pt_BR\" \/>\n<meta property=\"og:type\" content=\"article\" \/>\n<meta property=\"og:title\" content=\"Cess\u00e3o de uso do espa\u00e7o - Departamento de Esportes e Lazer\" \/>\n<meta property=\"og:description\" content=\"O processo de solicita\u00e7\u00e3o de cess\u00e3o de uso dos espa\u00e7os do Departamento de Esporte e Lazer (DEL\/UFRRJ) foi estruturado para garantir organiza\u00e7\u00e3o, [&hellip;]\" \/>\n<meta property=\"og:url\" content=\"https:\/\/departamentos.ufrrj.br\/del\/cessao-de-uso-do-espaco\/\" \/>\n<meta property=\"og:site_name\" content=\"Departamento de Esportes e Lazer\" \/>\n<meta property=\"article:modified_time\" content=\"2025-09-13T01:37:12+00:00\" \/>\n<meta property=\"og:image\" content=\"https:\/\/departamentos.ufrrj.br\/del\/wp-content\/uploads\/sites\/5\/2025\/03\/DEL-1024x409.jpg\" \/>\n<meta name=\"twitter:card\" content=\"summary_large_image\" \/>\n<meta name=\"twitter:label1\" content=\"Est. tempo de leitura\" \/>\n\t<meta name=\"twitter:data1\" content=\"3 minutos\" \/>\n<script type=\"application\/ld+json\" class=\"yoast-schema-graph\">{\"@context\":\"https:\/\/schema.org\",\"@graph\":[{\"@type\":\"WebPage\",\"@id\":\"https:\/\/departamentos.ufrrj.br\/del\/cessao-de-uso-do-espaco\/\",\"url\":\"https:\/\/departamentos.ufrrj.br\/del\/cessao-de-uso-do-espaco\/\",\"name\":\"Cess\u00e3o de uso do espa\u00e7o - Departamento de Esportes e Lazer\",\"isPartOf\":{\"@id\":\"https:\/\/departamentos.ufrrj.br\/del\/#website\"},\"primaryImageOfPage\":{\"@id\":\"https:\/\/departamentos.ufrrj.br\/del\/cessao-de-uso-do-espaco\/#primaryimage\"},\"image\":{\"@id\":\"https:\/\/departamentos.ufrrj.br\/del\/cessao-de-uso-do-espaco\/#primaryimage\"},\"thumbnailUrl\":\"https:\/\/departamentos.ufrrj.br\/del\/wp-content\/uploads\/sites\/5\/2025\/03\/DEL-1024x409.jpg\",\"datePublished\":\"2025-09-13T01:24:52+00:00\",\"dateModified\":\"2025-09-13T01:37:12+00:00\",\"breadcrumb\":{\"@id\":\"https:\/\/departamentos.ufrrj.br\/del\/cessao-de-uso-do-espaco\/#breadcrumb\"},\"inLanguage\":\"pt-BR\",\"potentialAction\":[{\"@type\":\"ReadAction\",\"target\":[\"https:\/\/departamentos.ufrrj.br\/del\/cessao-de-uso-do-espaco\/\"]}]},{\"@type\":\"ImageObject\",\"inLanguage\":\"pt-BR\",\"@id\":\"https:\/\/departamentos.ufrrj.br\/del\/cessao-de-uso-do-espaco\/#primaryimage\",\"url\":\"https:\/\/departamentos.ufrrj.br\/del\/wp-content\/uploads\/sites\/5\/2025\/03\/DEL.jpg\",\"contentUrl\":\"https:\/\/departamentos.ufrrj.br\/del\/wp-content\/uploads\/sites\/5\/2025\/03\/DEL.jpg\",\"width\":1280,\"height\":511,\"caption\":\"DEL\"},{\"@type\":\"BreadcrumbList\",\"@id\":\"https:\/\/departamentos.ufrrj.br\/del\/cessao-de-uso-do-espaco\/#breadcrumb\",\"itemListElement\":[{\"@type\":\"ListItem\",\"position\":1,\"name\":\"In\u00edcio\",\"item\":\"https:\/\/departamentos.ufrrj.br\/del\/\"},{\"@type\":\"ListItem\",\"position\":2,\"name\":\"Cess\u00e3o de uso do espa\u00e7o\"}]},{\"@type\":\"WebSite\",\"@id\":\"https:\/\/departamentos.ufrrj.br\/del\/#website\",\"url\":\"https:\/\/departamentos.ufrrj.br\/del\/\",\"name\":\"Departamento Ci\u00eancias Econ\u00f4micas\",\"description\":\"\",\"publisher\":{\"@id\":\"https:\/\/departamentos.ufrrj.br\/del\/#organization\"},\"potentialAction\":[{\"@type\":\"SearchAction\",\"target\":{\"@type\":\"EntryPoint\",\"urlTemplate\":\"https:\/\/departamentos.ufrrj.br\/del\/?s={search_term_string}\"},\"query-input\":{\"@type\":\"PropertyValueSpecification\",\"valueRequired\":true,\"valueName\":\"search_term_string\"}}],\"inLanguage\":\"pt-BR\"},{\"@type\":\"Organization\",\"@id\":\"https:\/\/departamentos.ufrrj.br\/del\/#organization\",\"name\":\"Departamento Ci\u00eancias Econ\u00f4micas\",\"url\":\"https:\/\/departamentos.ufrrj.br\/del\/\",\"logo\":{\"@type\":\"ImageObject\",\"inLanguage\":\"pt-BR\",\"@id\":\"https:\/\/departamentos.ufrrj.br\/del\/#\/schema\/logo\/image\/\",\"url\":\"https:\/\/departamentos.ufrrj.br\/del\/wp-content\/uploads\/sites\/5\/2025\/03\/Design-sem-nome-4-150x150-1.jpg\",\"contentUrl\":\"https:\/\/departamentos.ufrrj.br\/del\/wp-content\/uploads\/sites\/5\/2025\/03\/Design-sem-nome-4-150x150-1.jpg\",\"width\":150,\"height\":150,\"caption\":\"Departamento Ci\u00eancias Econ\u00f4micas\"},\"image\":{\"@id\":\"https:\/\/departamentos.ufrrj.br\/del\/#\/schema\/logo\/image\/\"},\"sameAs\":[\"https:\/\/www.instagram.com\/del.ufrrj\/\"]}]}<\/script>\n<!-- \/ Yoast SEO plugin. -->","yoast_head_json":{"title":"Cess\u00e3o de uso do espa\u00e7o - Departamento de Esportes e Lazer","robots":{"index":"index","follow":"follow","max-snippet":"max-snippet:-1","max-image-preview":"max-image-preview:large","max-video-preview":"max-video-preview:-1"},"canonical":"https:\/\/departamentos.ufrrj.br\/del\/cessao-de-uso-do-espaco\/","og_locale":"pt_BR","og_type":"article","og_title":"Cess\u00e3o de uso do espa\u00e7o - Departamento de Esportes e Lazer","og_description":"O processo de solicita\u00e7\u00e3o de cess\u00e3o de uso dos espa\u00e7os do Departamento de Esporte e Lazer (DEL\/UFRRJ) foi estruturado para garantir organiza\u00e7\u00e3o, [&hellip;]","og_url":"https:\/\/departamentos.ufrrj.br\/del\/cessao-de-uso-do-espaco\/","og_site_name":"Departamento de Esportes e Lazer","article_modified_time":"2025-09-13T01:37:12+00:00","og_image":[{"url":"https:\/\/departamentos.ufrrj.br\/del\/wp-content\/uploads\/sites\/5\/2025\/03\/DEL-1024x409.jpg"}],"twitter_card":"summary_large_image","twitter_misc":{"Est. tempo de leitura":"3 minutos"},"schema":{"@context":"https:\/\/schema.org","@graph":[{"@type":"WebPage","@id":"https:\/\/departamentos.ufrrj.br\/del\/cessao-de-uso-do-espaco\/","url":"https:\/\/departamentos.ufrrj.br\/del\/cessao-de-uso-do-espaco\/","name":"Cess\u00e3o de uso do espa\u00e7o - Departamento de Esportes e Lazer","isPartOf":{"@id":"https:\/\/departamentos.ufrrj.br\/del\/#website"},"primaryImageOfPage":{"@id":"https:\/\/departamentos.ufrrj.br\/del\/cessao-de-uso-do-espaco\/#primaryimage"},"image":{"@id":"https:\/\/departamentos.ufrrj.br\/del\/cessao-de-uso-do-espaco\/#primaryimage"},"thumbnailUrl":"https:\/\/departamentos.ufrrj.br\/del\/wp-content\/uploads\/sites\/5\/2025\/03\/DEL-1024x409.jpg","datePublished":"2025-09-13T01:24:52+00:00","dateModified":"2025-09-13T01:37:12+00:00","breadcrumb":{"@id":"https:\/\/departamentos.ufrrj.br\/del\/cessao-de-uso-do-espaco\/#breadcrumb"},"inLanguage":"pt-BR","potentialAction":[{"@type":"ReadAction","target":["https:\/\/departamentos.ufrrj.br\/del\/cessao-de-uso-do-espaco\/"]}]},{"@type":"ImageObject","inLanguage":"pt-BR","@id":"https:\/\/departamentos.ufrrj.br\/del\/cessao-de-uso-do-espaco\/#primaryimage","url":"https:\/\/departamentos.ufrrj.br\/del\/wp-content\/uploads\/sites\/5\/2025\/03\/DEL.jpg","contentUrl":"https:\/\/departamentos.ufrrj.br\/del\/wp-content\/uploads\/sites\/5\/2025\/03\/DEL.jpg","width":1280,"height":511,"caption":"DEL"},{"@type":"BreadcrumbList","@id":"https:\/\/departamentos.ufrrj.br\/del\/cessao-de-uso-do-espaco\/#breadcrumb","itemListElement":[{"@type":"ListItem","position":1,"name":"In\u00edcio","item":"https:\/\/departamentos.ufrrj.br\/del\/"},{"@type":"ListItem","position":2,"name":"Cess\u00e3o de uso do espa\u00e7o"}]},{"@type":"WebSite","@id":"https:\/\/departamentos.ufrrj.br\/del\/#website","url":"https:\/\/departamentos.ufrrj.br\/del\/","name":"Departamento Ci\u00eancias Econ\u00f4micas","description":"","publisher":{"@id":"https:\/\/departamentos.ufrrj.br\/del\/#organization"},"potentialAction":[{"@type":"SearchAction","target":{"@type":"EntryPoint","urlTemplate":"https:\/\/departamentos.ufrrj.br\/del\/?s={search_term_string}"},"query-input":{"@type":"PropertyValueSpecification","valueRequired":true,"valueName":"search_term_string"}}],"inLanguage":"pt-BR"},{"@type":"Organization","@id":"https:\/\/departamentos.ufrrj.br\/del\/#organization","name":"Departamento Ci\u00eancias Econ\u00f4micas","url":"https:\/\/departamentos.ufrrj.br\/del\/","logo":{"@type":"ImageObject","inLanguage":"pt-BR","@id":"https:\/\/departamentos.ufrrj.br\/del\/#\/schema\/logo\/image\/","url":"https:\/\/departamentos.ufrrj.br\/del\/wp-content\/uploads\/sites\/5\/2025\/03\/Design-sem-nome-4-150x150-1.jpg","contentUrl":"https:\/\/departamentos.ufrrj.br\/del\/wp-content\/uploads\/sites\/5\/2025\/03\/Design-sem-nome-4-150x150-1.jpg","width":150,"height":150,"caption":"Departamento Ci\u00eancias Econ\u00f4micas"},"image":{"@id":"https:\/\/departamentos.ufrrj.br\/del\/#\/schema\/logo\/image\/"},"sameAs":["https:\/\/www.instagram.com\/del.ufrrj\/"]}]}},"_links":{"self":[{"href":"https:\/\/departamentos.ufrrj.br\/del\/wp-json\/wp\/v2\/pages\/839"}],"collection":[{"href":"https:\/\/departamentos.ufrrj.br\/del\/wp-json\/wp\/v2\/pages"}],"about":[{"href":"https:\/\/departamentos.ufrrj.br\/del\/wp-json\/wp\/v2\/types\/page"}],"author":[{"embeddable":true,"href":"https:\/\/departamentos.ufrrj.br\/del\/wp-json\/wp\/v2\/users\/5"}],"replies":[{"embeddable":true,"href":"https:\/\/departamentos.ufrrj.br\/del\/wp-json\/wp\/v2\/comments?post=839"}],"version-history":[{"count":4,"href":"https:\/\/departamentos.ufrrj.br\/del\/wp-json\/wp\/v2\/pages\/839\/revisions"}],"predecessor-version":[{"id":846,"href":"https:\/\/departamentos.ufrrj.br\/del\/wp-json\/wp\/v2\/pages\/839\/revisions\/846"}],"wp:attachment":[{"href":"https:\/\/departamentos.ufrrj.br\/del\/wp-json\/wp\/v2\/media?parent=839"}],"curies":[{"name":"wp","href":"https:\/\/api.w.org\/{rel}","templated":true}]}}